{"id":11966,"date":"2015-12-02T10:52:51","date_gmt":"2015-12-02T10:52:51","guid":{"rendered":"http:\/\/theme-fusion.com\/avada\/university\/?page_id=16"},"modified":"2021-07-23T11:03:12","modified_gmt":"2021-07-23T09:03:12","slug":"news","status":"publish","type":"page","link":"https:\/\/www.teuto-run-and-fun.de\/TRF-2019\/news\/","title":{"rendered":"News"},"content":{"rendered":"<div id=\"fb-root\"><\/div>\n<div class=\"fusion-fullwidth fullwidth-box fusion-builder-row-1 fusion-flex-container nonhundred-percent-fullwidth non-hundred-percent-height-scrolling\" style=\"--awb-background-position:left top;--awb-border-sizes-top:0px;--awb-border-sizes-bottom:0px;--awb-border-sizes-left:0px;--awb-border-sizes-right:0px;--awb-border-radius-top-left:0px;--awb-border-radius-top-right:0px;--awb-border-radius-bottom-right:0px;--awb-border-radius-bottom-left:0px;--awb-background-color:#ffffff;--awb-flex-wrap:wrap;\" ><div class=\"fusion-builder-row fusion-row fusion-flex-align-items-flex-start fusion-flex-content-wrap\" style=\"max-width:1331.2px;margin-left: calc(-4% \/ 2 );margin-right: calc(-4% \/ 2 );\"><div class=\"fusion-layout-column fusion_builder_column fusion-builder-column-0 fusion_builder_column_5_6 5_6 fusion-flex-column\" style=\"--awb-bg-size:cover;--awb-width-large:83.333333333333%;--awb-margin-top-large:10px;--awb-spacing-right-large:3.84%;--awb-margin-bottom-large:3%;--awb-spacing-left-large:2.304%;--awb-width-medium:83.333333333333%;--awb-spacing-right-medium:3.84%;--awb-spacing-left-medium:2.304%;--awb-width-small:100%;--awb-spacing-right-small:1.92%;--awb-spacing-left-small:1.92%;\"><div class=\"fusion-column-wrapper fusion-flex-justify-content-flex-start fusion-content-layout-column\"><div class=\"fusion-text fusion-text-1\"><h2>Wir halten Euch auf dem Laufenden!<\/h2>\n<\/div><div class=\"fusion-blog-shortcode fusion-blog-shortcode-1 fusion-blog-archive fusion-blog-layout-medium fusion-blog-no\"><div class=\"fusion-posts-container fusion-posts-container-no fusion-no-meta-info fusion-blog-rollover\" data-pages=\"0\"><article id=\"blog-1-post-14120\" class=\"fusion-post-medium post-14120 post type-post status-publish format-standard hentry category-news\">\n\t<style type=\"text\/css\">\n\t\t\n\t\t\n\t\t\n\t\t\n\t\t\t<\/style>\n\n\n<div class=\"fusion-post-content post-content\"><h2 class=\"blog-shortcode-post-title entry-title\">Trainingslauf auf der Hermannslaufstrecke &#8211; auch f\u00fcr Wanderer<\/h2><div class=\"fusion-post-content-container\"><p> Auch in diesem Jahr wollen wir wieder einen Trainingslauf auf der Originalstrecke des Hermannslaufes anbieten. Er findet statt am 30.3.2025 und der Bus startet um 9 Uhr an der Kunsthalle. Auch k\u00fcrzere Streckenabschnitte sind m\u00f6glich. In diesem Jahr bieten wir die Strecke auch f\u00fcr Wanderer an, die gfs. keine Startnummer f\u00fcr den Hermann bekommen habe. Der Preis betr\u00e4gt 38,-- f\u00fcr die Busfahrt, 2 Verpflegungsstellen auf der Strecke und eine reichhaltige Zielverpflegung.     <\/p><\/div><\/div><div class=\"fusion-clearfix\"><\/div><\/article>\n<article id=\"blog-1-post-13997\" class=\"fusion-post-medium post-13997 post type-post status-publish format-standard has-post-thumbnail hentry category-allgemein category-news\">\n\t<style type=\"text\/css\">\n\t\t\n\t\t\n\t\t\n\t\t\n\t\t\t<\/style>\n\n\n\t\t\t<div class=\"fusion-flexslider flexslider fusion-flexslider-loading fusion-post-slideshow\" style=\"\">\n\t\t<ul class=\"slides\">\n\t\t\t\n\t\t\t\t\t\t\t\t\t\t\t\t\t\t<li><div  class=\"fusion-image-wrapper fusion-image-size-fixed\" aria-haspopup=\"true\">\n\t\t\t\t<img decoding=\"async\" width=\"320\" height=\"202\" src=\"https:\/\/www.teuto-run-and-fun.de\/TRF-2019\/wp-content\/uploads\/2023\/12\/IMG_9345-320x202.jpg\" class=\"attachment-blog-medium size-blog-medium wp-post-image\" alt=\"\" srcset=\"https:\/\/www.teuto-run-and-fun.de\/TRF-2019\/wp-content\/uploads\/2023\/12\/IMG_9345-320x202.jpg 320w, https:\/\/www.teuto-run-and-fun.de\/TRF-2019\/wp-content\/uploads\/2023\/12\/IMG_9345-700x441.jpg 700w\" sizes=\"(max-width: 320px) 100vw, 320px\" \/><div class=\"fusion-rollover\">\n\t<div class=\"fusion-rollover-content\">\n\n\t\t\t\t\t\t\t\t\t\t\t\t\t\t<a class=\"fusion-rollover-link\" href=\"https:\/\/www.teuto-run-and-fun.de\/TRF-2019\/2024\/10\/28\/training-fuer-den-hermannslauf-cloned\/\">Training f\u00fcr den Hermannslauf 2025<\/a>\n\t\t\t\n\t\t\t\t\t\t\t\t\t\t\t\t\t\t\n\t\t\t\t\t\t\t\t\n\t\t\t\t\t\t\t\t\t\t\t\t\t<div class=\"fusion-rollover-sep\"><\/div>\n\t\t\t\t\n\t\t\t\t\t\t\t\t\t\t\t\t\t\t\t\t\t\t<a class=\"fusion-rollover-gallery\" href=\"https:\/\/www.teuto-run-and-fun.de\/TRF-2019\/wp-content\/uploads\/2023\/12\/IMG_9345-scaled.jpg\" data-options=\"\" data-id=\"13997\" data-rel=\"iLightbox[gallery]\" data-title=\"IMG_9345\" data-caption=\"\">\n\t\t\t\t\t\tGallerie\t\t\t\t\t<\/a>\n\t\t\t\t\t\t\t\t\t\t\t\t\t\t\n\t\t\n\t\t\t\t\t\t\t\t\n\t\t\t\t\t\t\t\t\n\t\t\n\t\t\t\t\t\t<a class=\"fusion-link-wrapper\" href=\"https:\/\/www.teuto-run-and-fun.de\/TRF-2019\/2024\/10\/28\/training-fuer-den-hermannslauf-cloned\/\" aria-label=\"Training f\u00fcr den Hermannslauf 2025\"><\/a>\n\t<\/div>\n<\/div>\n<\/div>\n<\/li>\n\t\t\t\n\t\t\t\n\t\t\t\t\t\t\t\t\t\t\t\t\t\t\t\t\t\t\t\t\t\t\t\t\t\t\t\t\t\t\t\t\t\t\t\t\t\t\t\t\t\t\t\t\t\t\t\t\t\t\t\t\t\t\t\t\t\t\t\t\t\t\t\t\t\t\t\t<\/ul>\n\t<\/div>\n\t<div class=\"fusion-post-content post-content\"><h2 class=\"blog-shortcode-post-title entry-title\">Training f\u00fcr den Hermannslauf 2025<\/h2><div class=\"fusion-post-content-container\"><p> Es ist wieder soweit, im November starten wir unser Training f\u00fcr den Hermannslauf und den Rennsteiglauf 2025. F\u00fcr alle Leistungsklassen ist wieder die passende Gruppe dabei. Wir freuen uns schon sehr darauf Die Ausschreibung findet ihr hier Ausschreibung     <\/p><\/div><\/div><div class=\"fusion-clearfix\"><\/div><\/article>\n<article id=\"blog-1-post-13844\" class=\"fusion-post-medium post-13844 post type-post status-publish format-standard has-post-thumbnail hentry category-news\">\n\t<style type=\"text\/css\">\n\t\t\n\t\t\n\t\t\n\t\t\n\t\t\t<\/style>\n\n\n\t\t\t<div class=\"fusion-flexslider flexslider fusion-flexslider-loading fusion-post-slideshow\" style=\"\">\n\t\t<ul class=\"slides\">\n\t\t\t\n\t\t\t\t\t\t\t\t\t\t\t\t\t\t<li><div  class=\"fusion-image-wrapper fusion-image-size-fixed\" aria-haspopup=\"true\">\n\t\t\t\t<img decoding=\"async\" width=\"320\" height=\"202\" src=\"https:\/\/www.teuto-run-and-fun.de\/TRF-2019\/wp-content\/uploads\/2023\/02\/IMG_6953-320x202.jpg\" class=\"attachment-blog-medium size-blog-medium wp-post-image\" alt=\"\" srcset=\"https:\/\/www.teuto-run-and-fun.de\/TRF-2019\/wp-content\/uploads\/2023\/02\/IMG_6953-320x202.jpg 320w, https:\/\/www.teuto-run-and-fun.de\/TRF-2019\/wp-content\/uploads\/2023\/02\/IMG_6953-700x441.jpg 700w\" sizes=\"(max-width: 320px) 100vw, 320px\" \/><div class=\"fusion-rollover\">\n\t<div class=\"fusion-rollover-content\">\n\n\t\t\t\t\t\t\t\t\t\t\t\t\t\t<a class=\"fusion-rollover-link\" href=\"https:\/\/www.teuto-run-and-fun.de\/TRF-2019\/2024\/10\/08\/nachtwanderung-auf-der-hermannslaufstrecke-3\/\">Nachtwanderung auf der Hermannslaufstrecke<\/a>\n\t\t\t\n\t\t\t\t\t\t\t\t\t\t\t\t\t\t\n\t\t\t\t\t\t\t\t\n\t\t\t\t\t\t\t\t\t\t\t\t\t<div class=\"fusion-rollover-sep\"><\/div>\n\t\t\t\t\n\t\t\t\t\t\t\t\t\t\t\t\t\t\t\t\t\t\t<a class=\"fusion-rollover-gallery\" href=\"https:\/\/www.teuto-run-and-fun.de\/TRF-2019\/wp-content\/uploads\/2023\/02\/IMG_6953.jpg\" data-options=\"\" data-id=\"13844\" data-rel=\"iLightbox[gallery]\" data-title=\"IMG_6953\" data-caption=\"\">\n\t\t\t\t\t\tGallerie\t\t\t\t\t<\/a>\n\t\t\t\t\t\t\t\t\t\t\t\t\t\t\n\t\t\n\t\t\t\t\t\t\t\t\n\t\t\t\t\t\t\t\t\n\t\t\n\t\t\t\t\t\t<a class=\"fusion-link-wrapper\" href=\"https:\/\/www.teuto-run-and-fun.de\/TRF-2019\/2024\/10\/08\/nachtwanderung-auf-der-hermannslaufstrecke-3\/\" aria-label=\"Nachtwanderung auf der Hermannslaufstrecke\"><\/a>\n\t<\/div>\n<\/div>\n<\/div>\n<\/li>\n\t\t\t\n\t\t\t\n\t\t\t\t\t\t\t\t\t\t\t\t\t\t\t\t\t\t\t\t\t\t\t\t\t\t\t\t\t\t\t\t\t\t\t\t\t\t\t\t\t\t\t\t\t\t\t\t\t\t\t\t\t\t\t\t\t\t\t\t\t\t\t\t\t\t\t\t<\/ul>\n\t<\/div>\n\t<div class=\"fusion-post-content post-content\"><h2 class=\"blog-shortcode-post-title entry-title\">Nachtwanderung auf der Hermannslaufstrecke<\/h2><div class=\"fusion-post-content-container\"><p> Am 26.10.2024\u00a0 organisieren wir erneut eine Nachtwanderung auf der Hermannslaufstrecke. Start ist um 18 Uhr mit dem Bus an der Kunsthalle Bielefeld, Wanderstart um 19 Uhr am Hermannsdenkmal\u00a0 Unterwegs gibt es 2 \u00fcppige Verpflegungsstellen.     <\/p><\/div><\/div><div class=\"fusion-clearfix\"><\/div><\/article>\n<article id=\"blog-1-post-13734\" class=\"fusion-post-medium fusion-sticky post-13734 post type-post status-publish format-standard has-post-thumbnail hentry category-allgemein category-news\">\n\t<style type=\"text\/css\">\n\t\t\n\t\t\n\t\t\n\t\t\n\t\t\t<\/style>\n\n\n\t\t\t<div class=\"fusion-flexslider flexslider fusion-flexslider-loading fusion-post-slideshow\" style=\"\">\n\t\t<ul class=\"slides\">\n\t\t\t\n\t\t\t\t\t\t\t\t\t\t\t\t\t\t<li><div  class=\"fusion-image-wrapper fusion-image-size-fixed\" aria-haspopup=\"true\">\n\t\t\t\t<img decoding=\"async\" width=\"320\" height=\"202\" src=\"https:\/\/www.teuto-run-and-fun.de\/TRF-2019\/wp-content\/uploads\/2023\/12\/IMG_9345-320x202.jpg\" class=\"attachment-blog-medium size-blog-medium wp-post-image\" alt=\"\" srcset=\"https:\/\/www.teuto-run-and-fun.de\/TRF-2019\/wp-content\/uploads\/2023\/12\/IMG_9345-320x202.jpg 320w, https:\/\/www.teuto-run-and-fun.de\/TRF-2019\/wp-content\/uploads\/2023\/12\/IMG_9345-700x441.jpg 700w\" sizes=\"(max-width: 320px) 100vw, 320px\" \/><div class=\"fusion-rollover\">\n\t<div class=\"fusion-rollover-content\">\n\n\t\t\t\t\t\t\t\t\t\t\t\t\t\t<a class=\"fusion-rollover-link\" href=\"https:\/\/www.teuto-run-and-fun.de\/TRF-2019\/2024\/09\/28\/13734\/\">Training f\u00fcr den Hermannslauf<\/a>\n\t\t\t\n\t\t\t\t\t\t\t\t\t\t\t\t\t\t\n\t\t\t\t\t\t\t\t\n\t\t\t\t\t\t\t\t\t\t\t\t\t<div class=\"fusion-rollover-sep\"><\/div>\n\t\t\t\t\n\t\t\t\t\t\t\t\t\t\t\t\t\t\t\t\t\t\t<a class=\"fusion-rollover-gallery\" href=\"https:\/\/www.teuto-run-and-fun.de\/TRF-2019\/wp-content\/uploads\/2023\/12\/IMG_9345-scaled.jpg\" data-options=\"\" data-id=\"13734\" data-rel=\"iLightbox[gallery]\" data-title=\"IMG_9345\" data-caption=\"\">\n\t\t\t\t\t\tGallerie\t\t\t\t\t<\/a>\n\t\t\t\t\t\t\t\t\t\t\t\t\t\t\n\t\t\n\t\t\t\t\t\t\t\t\n\t\t\t\t\t\t\t\t\n\t\t\n\t\t\t\t\t\t<a class=\"fusion-link-wrapper\" href=\"https:\/\/www.teuto-run-and-fun.de\/TRF-2019\/2024\/09\/28\/13734\/\" aria-label=\"Training f\u00fcr den Hermannslauf\"><\/a>\n\t<\/div>\n<\/div>\n<\/div>\n<\/li>\n\t\t\t\n\t\t\t\n\t\t\t\t\t\t\t\t\t\t\t\t\t\t\t\t\t\t\t\t\t\t\t\t\t\t\t\t\t\t\t\t\t\t\t\t\t\t\t\t\t\t\t\t\t\t\t\t\t\t\t\t\t\t\t\t\t\t\t\t\t\t\t\t\t\t\t\t<\/ul>\n\t<\/div>\n\t<div class=\"fusion-post-content post-content\"><h2 class=\"blog-shortcode-post-title entry-title\">Training f\u00fcr den Hermannslauf<\/h2><div class=\"fusion-post-content-container\"><p> Es ist wieder soweit, im November starten wir unser Training f\u00fcr den Hermannslauf und den Rennsteiglauf 2024. F\u00fcr alle Leistungsklassen ist wieder die passende Gruppe dabei. Wir freuen uns schon sehr darauf Die Ausschreibung findet ihr hier Ausschreibung     <\/p><\/div><\/div><div class=\"fusion-clearfix\"><\/div><\/article>\n<article id=\"blog-1-post-13919\" class=\"fusion-post-medium post-13919 post type-post status-publish format-standard has-post-thumbnail hentry category-news\">\n\t<style type=\"text\/css\">\n\t\t\n\t\t\n\t\t\n\t\t\n\t\t\t<\/style>\n\n\n\t\t\t<div class=\"fusion-flexslider flexslider fusion-flexslider-loading fusion-post-slideshow\" style=\"\">\n\t\t<ul class=\"slides\">\n\t\t\t\n\t\t\t\t\t\t\t\t\t\t\t\t\t\t<li><div  class=\"fusion-image-wrapper fusion-image-size-fixed\" aria-haspopup=\"true\">\n\t\t\t\t<img decoding=\"async\" width=\"320\" height=\"202\" src=\"https:\/\/www.teuto-run-and-fun.de\/TRF-2019\/wp-content\/uploads\/2021\/08\/c0e66506-112d-4e9a-80b4-f5b41150d4bd-320x202.jpg\" class=\"attachment-blog-medium size-blog-medium wp-post-image\" alt=\"\" srcset=\"https:\/\/www.teuto-run-and-fun.de\/TRF-2019\/wp-content\/uploads\/2021\/08\/c0e66506-112d-4e9a-80b4-f5b41150d4bd-320x202.jpg 320w, https:\/\/www.teuto-run-and-fun.de\/TRF-2019\/wp-content\/uploads\/2021\/08\/c0e66506-112d-4e9a-80b4-f5b41150d4bd-700x441.jpg 700w\" sizes=\"(max-width: 320px) 100vw, 320px\" \/><div class=\"fusion-rollover\">\n\t<div class=\"fusion-rollover-content\">\n\n\t\t\t\t\t\t\t\t\t\t\t\t\t\t<a class=\"fusion-rollover-link\" href=\"https:\/\/www.teuto-run-and-fun.de\/TRF-2019\/2024\/05\/29\/planung-fuer-2025\/\">Planung f\u00fcr 2025<\/a>\n\t\t\t\n\t\t\t\t\t\t\t\t\t\t\t\t\t\t\n\t\t\t\t\t\t\t\t\n\t\t\t\t\t\t\t\t\t\t\t\t\t<div class=\"fusion-rollover-sep\"><\/div>\n\t\t\t\t\n\t\t\t\t\t\t\t\t\t\t\t\t\t\t\t\t\t\t<a class=\"fusion-rollover-gallery\" href=\"https:\/\/www.teuto-run-and-fun.de\/TRF-2019\/wp-content\/uploads\/2021\/08\/c0e66506-112d-4e9a-80b4-f5b41150d4bd.jpg\" data-options=\"\" data-id=\"13919\" data-rel=\"iLightbox[gallery]\" data-title=\"c0e66506-112d-4e9a-80b4-f5b41150d4bd\" data-caption=\"\">\n\t\t\t\t\t\tGallerie\t\t\t\t\t<\/a>\n\t\t\t\t\t\t\t\t\t\t\t\t\t\t\n\t\t\n\t\t\t\t\t\t\t\t\n\t\t\t\t\t\t\t\t\n\t\t\n\t\t\t\t\t\t<a class=\"fusion-link-wrapper\" href=\"https:\/\/www.teuto-run-and-fun.de\/TRF-2019\/2024\/05\/29\/planung-fuer-2025\/\" aria-label=\"Planung f\u00fcr 2025\"><\/a>\n\t<\/div>\n<\/div>\n<\/div>\n<\/li>\n\t\t\t\n\t\t\t\n\t\t\t\t\t\t\t\t\t\t\t\t\t\t\t\t\t\t\t\t\t\t\t\t\t\t\t\t\t\t\t\t\t\t\t\t\t\t\t\t\t\t\t\t\t\t\t\t\t\t\t\t\t\t\t\t\t\t\t\t\t\t\t\t\t\t\t\t<\/ul>\n\t<\/div>\n\t<div class=\"fusion-post-content post-content\"><h2 class=\"blog-shortcode-post-title entry-title\">Planung f\u00fcr 2025<\/h2><div class=\"fusion-post-content-container\"><p> Wir haben schon viel geplant und schon einmal alle Termine f\u00fcr das 1. Halbjahr 2025 f\u00fcr euch aufgeschrieben. Gerne nehmen wir noch weitere Anregungen entgegen     <\/p><\/div><\/div><div class=\"fusion-clearfix\"><\/div><\/article>\n<article id=\"blog-1-post-13825\" class=\"fusion-post-medium post-13825 post type-post status-publish format-standard has-post-thumbnail hentry category-news\">\n\t<style type=\"text\/css\">\n\t\t\n\t\t\n\t\t\n\t\t\n\t\t\t<\/style>\n\n\n\t\t\t<div class=\"fusion-flexslider flexslider fusion-flexslider-loading fusion-post-slideshow\" style=\"\">\n\t\t<ul class=\"slides\">\n\t\t\t\n\t\t\t\t\t\t\t\t\t\t\t\t\t\t<li><div  class=\"fusion-image-wrapper fusion-image-size-fixed\" aria-haspopup=\"true\">\n\t\t\t\t<img decoding=\"async\" width=\"320\" height=\"202\" src=\"https:\/\/www.teuto-run-and-fun.de\/TRF-2019\/wp-content\/uploads\/2023\/12\/IMG_9340-320x202.jpg\" class=\"attachment-blog-medium size-blog-medium wp-post-image\" alt=\"\" srcset=\"https:\/\/www.teuto-run-and-fun.de\/TRF-2019\/wp-content\/uploads\/2023\/12\/IMG_9340-320x202.jpg 320w, https:\/\/www.teuto-run-and-fun.de\/TRF-2019\/wp-content\/uploads\/2023\/12\/IMG_9340-700x441.jpg 700w\" sizes=\"(max-width: 320px) 100vw, 320px\" \/><div class=\"fusion-rollover\">\n\t<div class=\"fusion-rollover-content\">\n\n\t\t\t\t\t\t\t\t\t\t\t\t\t\t<a class=\"fusion-rollover-link\" href=\"https:\/\/www.teuto-run-and-fun.de\/TRF-2019\/2023\/12\/01\/13825\/\">Vorbereitung f\u00fcr den Hermannslauf hat begonnen<\/a>\n\t\t\t\n\t\t\t\t\t\t\t\t\t\t\t\t\t\t\n\t\t\t\t\t\t\t\t\n\t\t\t\t\t\t\t\t\t\t\t\t\t<div class=\"fusion-rollover-sep\"><\/div>\n\t\t\t\t\n\t\t\t\t\t\t\t\t\t\t\t\t\t\t\t\t\t\t<a class=\"fusion-rollover-gallery\" href=\"https:\/\/www.teuto-run-and-fun.de\/TRF-2019\/wp-content\/uploads\/2023\/12\/IMG_9340-scaled.jpg\" data-options=\"\" data-id=\"13825\" data-rel=\"iLightbox[gallery]\" data-title=\"IMG_9340\" data-caption=\"\">\n\t\t\t\t\t\tGallerie\t\t\t\t\t<\/a>\n\t\t\t\t\t\t\t\t\t\t\t\t\t\t\n\t\t\n\t\t\t\t\t\t\t\t\n\t\t\t\t\t\t\t\t\n\t\t\n\t\t\t\t\t\t<a class=\"fusion-link-wrapper\" href=\"https:\/\/www.teuto-run-and-fun.de\/TRF-2019\/2023\/12\/01\/13825\/\" aria-label=\"Vorbereitung f\u00fcr den Hermannslauf hat begonnen\"><\/a>\n\t<\/div>\n<\/div>\n<\/div>\n<\/li>\n\t\t\t\n\t\t\t\n\t\t\t\t\t\t\t\t\t\t\t\t\t\t\t\t\t\t\t\t\t\t\t\t\t\t\t\t\t\t\t\t\t\t\t\t\t\t\t\t\t\t\t\t\t\t\t\t\t\t\t\t\t\t\t\t\t\t\t\t\t\t\t\t\t\t\t\t<\/ul>\n\t<\/div>\n\t<div class=\"fusion-post-content post-content\"><h2 class=\"blog-shortcode-post-title entry-title\">Vorbereitung f\u00fcr den Hermannslauf hat begonnen<\/h2><div class=\"fusion-post-content-container\"><p> Am letzten Sonntag haben wir mit der Vorbereitung f\u00fcr den Hermannslauf und den Rennsteiglauf 2024 begonnen. Die erste Einheit hat bereits allen viel Spa\u00df gemacht. Ein paar freie Pl\u00e4tze haben wir noch, falls sich noch jemand anschlie\u00dfen m\u00f6chte           <\/p><\/div><\/div><div class=\"fusion-clearfix\"><\/div><\/article>\n<article id=\"blog-1-post-13655\" class=\"fusion-post-medium post-13655 post type-post status-publish format-standard has-post-thumbnail hentry category-news\">\n\t<style type=\"text\/css\">\n\t\t\n\t\t\n\t\t\n\t\t\n\t\t\t<\/style>\n\n\n\t\t\t<div class=\"fusion-flexslider flexslider fusion-flexslider-loading fusion-post-slideshow\" style=\"\">\n\t\t<ul class=\"slides\">\n\t\t\t\n\t\t\t\t\t\t\t\t\t\t\t\t\t\t<li><div  class=\"fusion-image-wrapper fusion-image-size-fixed\" aria-haspopup=\"true\">\n\t\t\t\t<img decoding=\"async\" width=\"320\" height=\"202\" src=\"https:\/\/www.teuto-run-and-fun.de\/TRF-2019\/wp-content\/uploads\/2023\/02\/IMG_6953-320x202.jpg\" class=\"attachment-blog-medium size-blog-medium wp-post-image\" alt=\"\" srcset=\"https:\/\/www.teuto-run-and-fun.de\/TRF-2019\/wp-content\/uploads\/2023\/02\/IMG_6953-320x202.jpg 320w, https:\/\/www.teuto-run-and-fun.de\/TRF-2019\/wp-content\/uploads\/2023\/02\/IMG_6953-700x441.jpg 700w\" sizes=\"(max-width: 320px) 100vw, 320px\" \/><div class=\"fusion-rollover\">\n\t<div class=\"fusion-rollover-content\">\n\n\t\t\t\t\t\t\t\t\t\t\t\t\t\t<a class=\"fusion-rollover-link\" href=\"https:\/\/www.teuto-run-and-fun.de\/TRF-2019\/2023\/02\/13\/nachtwanderung-auf-der-hermannslaufstrecke-2\/\">Nachtwanderung auf der Hermannslaufstrecke<\/a>\n\t\t\t\n\t\t\t\t\t\t\t\t\t\t\t\t\t\t\n\t\t\t\t\t\t\t\t\n\t\t\t\t\t\t\t\t\t\t\t\t\t<div class=\"fusion-rollover-sep\"><\/div>\n\t\t\t\t\n\t\t\t\t\t\t\t\t\t\t\t\t\t\t\t\t\t\t<a class=\"fusion-rollover-gallery\" href=\"https:\/\/www.teuto-run-and-fun.de\/TRF-2019\/wp-content\/uploads\/2023\/02\/IMG_6953.jpg\" data-options=\"\" data-id=\"13655\" data-rel=\"iLightbox[gallery]\" data-title=\"IMG_6953\" data-caption=\"\">\n\t\t\t\t\t\tGallerie\t\t\t\t\t<\/a>\n\t\t\t\t\t\t\t\t\t\t\t\t\t\t\n\t\t\n\t\t\t\t\t\t\t\t\n\t\t\t\t\t\t\t\t\n\t\t\n\t\t\t\t\t\t<a class=\"fusion-link-wrapper\" href=\"https:\/\/www.teuto-run-and-fun.de\/TRF-2019\/2023\/02\/13\/nachtwanderung-auf-der-hermannslaufstrecke-2\/\" aria-label=\"Nachtwanderung auf der Hermannslaufstrecke\"><\/a>\n\t<\/div>\n<\/div>\n<\/div>\n<\/li>\n\t\t\t\n\t\t\t\n\t\t\t\t\t\t\t\t\t\t\t\t\t\t\t\t\t\t\t\t\t\t\t\t\t\t\t\t\t\t\t\t\t\t\t\t\t\t\t\t\t\t\t\t\t\t\t\t\t\t\t\t\t\t\t\t\t\t\t\t\t\t\t\t\t\t\t\t<\/ul>\n\t<\/div>\n\t<div class=\"fusion-post-content post-content\"><h2 class=\"blog-shortcode-post-title entry-title\">Nachtwanderung auf der Hermannslaufstrecke<\/h2><div class=\"fusion-post-content-container\"><p> Auch in diesem Jahr werden wir wieder eine Nachtwanderung auf der Hermannslaufstrecke organisieren. Sie findet statt am 17.3.2023 und der Bus startet um 17 Uhr Richtung Hermannsdenkmal. Und auch in diesem Jahr wird bei vielen in Gedanken wieder der Mann dabei sein, ohne den es diese Nachwanderung gar nicht geben w\u00fcrde. Er hatte die Idee und die Begeisterung, uns davon zu \u00fcberzeugen. Es war eine deiner besten Ideen, lieber Lutz. Und wie sch\u00f6n w\u00e4re es, wenn du noch dabei sein k\u00f6nntest. Du fehltst uns allen so sehr     <\/p><\/div><\/div><div class=\"fusion-clearfix\"><\/div><\/article>\n<article id=\"blog-1-post-13529\" class=\"fusion-post-medium post-13529 post type-post status-publish format-standard has-post-thumbnail hentry category-allgemein category-news\">\n\t<style type=\"text\/css\">\n\t\t\n\t\t\n\t\t\n\t\t\n\t\t\t<\/style>\n\n\n\t\t\t<div class=\"fusion-flexslider flexslider fusion-flexslider-loading fusion-post-slideshow\" style=\"\">\n\t\t<ul class=\"slides\">\n\t\t\t\n\t\t\t\t\t\t\t\t\t\t\t\t\t\t<li><div  class=\"fusion-image-wrapper fusion-image-size-fixed\" aria-haspopup=\"true\">\n\t\t\t\t<img decoding=\"async\" width=\"320\" height=\"202\" src=\"https:\/\/www.teuto-run-and-fun.de\/TRF-2019\/wp-content\/uploads\/2019\/11\/hermannslauf-2020-320x202.jpg\" class=\"attachment-blog-medium size-blog-medium wp-post-image\" alt=\"Das Hermannsdenkmal wartet bereits - am Samstag 24.11. geht&#039;s los\" \/><div class=\"fusion-rollover\">\n\t<div class=\"fusion-rollover-content\">\n\n\t\t\t\t\t\t\t\t\t\t\t\t\t\t<a class=\"fusion-rollover-link\" href=\"https:\/\/www.teuto-run-and-fun.de\/TRF-2019\/2022\/09\/29\/der-hermann-ruft\/\">Der Hermann ruft<\/a>\n\t\t\t\n\t\t\t\t\t\t\t\t\t\t\t\t\t\t\n\t\t\t\t\t\t\t\t\n\t\t\t\t\t\t\t\t\t\t\t\t\t<div class=\"fusion-rollover-sep\"><\/div>\n\t\t\t\t\n\t\t\t\t\t\t\t\t\t\t\t\t\t\t\t\t\t\t<a class=\"fusion-rollover-gallery\" href=\"https:\/\/www.teuto-run-and-fun.de\/TRF-2019\/wp-content\/uploads\/2019\/11\/hermannslauf-2020.jpg\" data-options=\"\" data-id=\"13529\" data-rel=\"iLightbox[gallery]\" data-title=\"Das Hermannsdenkmal wartet bereits -  am Samstag den 24.11. geht&#039;s Training los\" data-caption=\"\">\n\t\t\t\t\t\tGallerie\t\t\t\t\t<\/a>\n\t\t\t\t\t\t\t\t\t\t\t\t\t\t\n\t\t\n\t\t\t\t\t\t\t\t\n\t\t\t\t\t\t\t\t\n\t\t\n\t\t\t\t\t\t<a class=\"fusion-link-wrapper\" href=\"https:\/\/www.teuto-run-and-fun.de\/TRF-2019\/2022\/09\/29\/der-hermann-ruft\/\" aria-label=\"Der Hermann ruft\"><\/a>\n\t<\/div>\n<\/div>\n<\/div>\n<\/li>\n\t\t\t\n\t\t\t\n\t\t\t\t\t\t\t\t\t\t\t\t\t\t\t\t\t\t\t\t\t\t\t\t\t\t\t\t\t\t\t\t\t\t\t\t\t\t\t\t\t\t\t\t\t\t\t\t\t\t\t\t\t\t\t\t\t\t\t\t\t\t\t\t\t\t\t\t<\/ul>\n\t<\/div>\n\t<div class=\"fusion-post-content post-content\"><h2 class=\"blog-shortcode-post-title entry-title\">Der Hermann ruft<\/h2><div class=\"fusion-post-content-container\"><p> Es geht wieder los. Am 20.11.2022 startet unser Hermannslauftraining f\u00fcr den 51. Hermannslauf kombiniert mit einem Training f\u00fcr den 50. Rennsteiglauf. Sei dabei und wir versprechen dir viel Spa\u00df und Freude beim Training Sowohl L\u00e4ufer\/innen als auch Walker\/innen sind bei uns herzlich willkommen. Und der Preis ist auch nicht h\u00f6her als im letzten Jahr. Hier gehts zur Ausschreibung     <\/p><\/div><\/div><div class=\"fusion-clearfix\"><\/div><\/article>\n<article id=\"blog-1-post-13496\" class=\"fusion-post-medium post-13496 post type-post status-publish format-standard has-post-thumbnail hentry category-allgemein category-news\">\n\t<style type=\"text\/css\">\n\t\t\n\t\t\n\t\t\n\t\t\n\t\t\t<\/style>\n\n\n\t\t\t<div class=\"fusion-flexslider flexslider fusion-flexslider-loading fusion-post-slideshow\" style=\"\">\n\t\t<ul class=\"slides\">\n\t\t\t\n\t\t\t\t\t\t\t\t\t\t\t\t\t\t<li><div  class=\"fusion-image-wrapper fusion-image-size-fixed\" aria-haspopup=\"true\">\n\t\t\t\t<img decoding=\"async\" width=\"320\" height=\"202\" src=\"https:\/\/www.teuto-run-and-fun.de\/TRF-2019\/wp-content\/uploads\/2022\/09\/IMG_0700-320x202.jpg\" class=\"attachment-blog-medium size-blog-medium wp-post-image\" alt=\"\" srcset=\"https:\/\/www.teuto-run-and-fun.de\/TRF-2019\/wp-content\/uploads\/2022\/09\/IMG_0700-320x202.jpg 320w, https:\/\/www.teuto-run-and-fun.de\/TRF-2019\/wp-content\/uploads\/2022\/09\/IMG_0700-700x441.jpg 700w\" sizes=\"(max-width: 320px) 100vw, 320px\" \/><div class=\"fusion-rollover\">\n\t<div class=\"fusion-rollover-content\">\n\n\t\t\t\t\t\t\t\t\t\t\t\t\t\t<a class=\"fusion-rollover-link\" href=\"https:\/\/www.teuto-run-and-fun.de\/TRF-2019\/2022\/09\/13\/der-schoenste-trail-deutschlands\/\">Der sch\u00f6nste Trail Deutschlands<\/a>\n\t\t\t\n\t\t\t\t\t\t\t\t\t\t\t\t\t\t\n\t\t\t\t\t\t\t\t\n\t\t\t\t\t\t\t\t\t\t\t\t\t<div class=\"fusion-rollover-sep\"><\/div>\n\t\t\t\t\n\t\t\t\t\t\t\t\t\t\t\t\t\t\t\t\t\t\t<a class=\"fusion-rollover-gallery\" href=\"https:\/\/www.teuto-run-and-fun.de\/TRF-2019\/wp-content\/uploads\/2022\/09\/IMG_0700-scaled.jpg\" data-options=\"\" data-id=\"13496\" data-rel=\"iLightbox[gallery]\" data-title=\"IMG_0700\" data-caption=\"\">\n\t\t\t\t\t\tGallerie\t\t\t\t\t<\/a>\n\t\t\t\t\t\t\t\t\t\t\t\t\t\t\n\t\t\n\t\t\t\t\t\t\t\t\n\t\t\t\t\t\t\t\t\n\t\t\n\t\t\t\t\t\t<a class=\"fusion-link-wrapper\" href=\"https:\/\/www.teuto-run-and-fun.de\/TRF-2019\/2022\/09\/13\/der-schoenste-trail-deutschlands\/\" aria-label=\"Der sch\u00f6nste Trail Deutschlands\"><\/a>\n\t<\/div>\n<\/div>\n<\/div>\n<\/li>\n\t\t\t\n\t\t\t\n\t\t\t\t\t\t\t\t\t\t\t\t\t\t\t\t\t\t\t\t\t\t\t\t\t\t\t\t\t\t\t\t\t\t\t\t\t\t\t\t\t\t\t\t\t\t\t\t\t\t\t\t\t\t\t\t\t\t\t\t\t\t\t\t\t\t\t\t<\/ul>\n\t<\/div>\n\t<div class=\"fusion-post-content post-content\"><h2 class=\"blog-shortcode-post-title entry-title\">Der sch\u00f6nste Trail Deutschlands<\/h2><div class=\"fusion-post-content-container\"><p> Am letzten Wochenende ging es erneut mit 45 Teilnehmern zum sch\u00f6nsten Traillauf Deutschlands. Es gab Wichtel, Riesen, Helden, vor allem aber gab es viel viel Spa\u00df und Lebensfreude. Diese Veranstaltung ist einfach einmalig. Und die Ausschreibung f\u00fcr n\u00e4chstes Jahr ist auch schon hinterlegt, ihr k\u00f6nnt euch also bereits anmelden           <\/p><\/div><\/div><div class=\"fusion-clearfix\"><\/div><\/article>\n<article id=\"blog-1-post-13493\" class=\"fusion-post-medium post-13493 post type-post status-publish format-standard has-post-thumbnail hentry category-allgemein category-news\">\n\t<style type=\"text\/css\">\n\t\t\n\t\t\n\t\t\n\t\t\n\t\t\t<\/style>\n\n\n\t\t\t<div class=\"fusion-flexslider flexslider fusion-flexslider-loading fusion-post-slideshow\" style=\"\">\n\t\t<ul class=\"slides\">\n\t\t\t\n\t\t\t\t\t\t\t\t\t\t\t\t\t\t<li><div  class=\"fusion-image-wrapper fusion-image-size-fixed\" aria-haspopup=\"true\">\n\t\t\t\t<img decoding=\"async\" width=\"320\" height=\"202\" src=\"https:\/\/www.teuto-run-and-fun.de\/TRF-2019\/wp-content\/uploads\/2022\/09\/IMG_0383-320x202.jpg\" class=\"attachment-blog-medium size-blog-medium wp-post-image\" alt=\"\" srcset=\"https:\/\/www.teuto-run-and-fun.de\/TRF-2019\/wp-content\/uploads\/2022\/09\/IMG_0383-320x202.jpg 320w, https:\/\/www.teuto-run-and-fun.de\/TRF-2019\/wp-content\/uploads\/2022\/09\/IMG_0383-700x441.jpg 700w\" sizes=\"(max-width: 320px) 100vw, 320px\" \/><div class=\"fusion-rollover\">\n\t<div class=\"fusion-rollover-content\">\n\n\t\t\t\t\t\t\t\t\t\t\t\t\t\t<a class=\"fusion-rollover-link\" href=\"https:\/\/www.teuto-run-and-fun.de\/TRF-2019\/2022\/09\/06\/das-a-team-gibt-sich-das-ja-wort\/\">Das A-Team gibt sich das Ja-Wort<\/a>\n\t\t\t\n\t\t\t\t\t\t\t\t\t\t\t\t\t\t\n\t\t\t\t\t\t\t\t\n\t\t\t\t\t\t\t\t\t\t\t\t\t<div class=\"fusion-rollover-sep\"><\/div>\n\t\t\t\t\n\t\t\t\t\t\t\t\t\t\t\t\t\t\t\t\t\t\t<a class=\"fusion-rollover-gallery\" href=\"https:\/\/www.teuto-run-and-fun.de\/TRF-2019\/wp-content\/uploads\/2022\/09\/IMG_0383-scaled.jpg\" data-options=\"\" data-id=\"13493\" data-rel=\"iLightbox[gallery]\" data-title=\"IMG_0383\" data-caption=\"\">\n\t\t\t\t\t\tGallerie\t\t\t\t\t<\/a>\n\t\t\t\t\t\t\t\t\t\t\t\t\t\t\n\t\t\n\t\t\t\t\t\t\t\t\n\t\t\t\t\t\t\t\t\n\t\t\n\t\t\t\t\t\t<a class=\"fusion-link-wrapper\" href=\"https:\/\/www.teuto-run-and-fun.de\/TRF-2019\/2022\/09\/06\/das-a-team-gibt-sich-das-ja-wort\/\" aria-label=\"Das A-Team gibt sich das Ja-Wort\"><\/a>\n\t<\/div>\n<\/div>\n<\/div>\n<\/li>\n\t\t\t\n\t\t\t\n\t\t\t\t\t\t\t\t\t\t\t\t\t\t\t\t\t\t\t\t\t\t\t\t\t\t\t\t\t\t\t\t\t\t\t\t\t\t\t\t\t\t\t\t\t\t\t\t\t\t\t\t\t\t\t\t\t\t\t\t\t\t\t\t\t\t\t\t<\/ul>\n\t<\/div>\n\t<div class=\"fusion-post-content post-content\"><h2 class=\"blog-shortcode-post-title entry-title\">Das A-Team gibt sich das Ja-Wort<\/h2><div class=\"fusion-post-content-container\"><p> Das Erste Ehepaar, das sich bei Teuto Run and Fun kennengelernt hat. Auf einer gemeinsamen Fahrt im Juni 2016 nach Potsdam hat es gefunkt und dann dauerte es nicht mehr lange und wir hatten ein A-Team. Und Axel war \"Schuld\". Andreas Schr\u00f6der und Andre W\u00fcstemann haben am 3.9.2022 Ihre Liebe mit dem Ja-Wort besiegelt und wir w\u00fcnschen Ihnen alles Gl\u00fcck der Welt. Wir freuen uns unendlich mit und f\u00fcr Euch. Funny durfte auf der tollen Hochzeitsparty nat\u00fcrlich auch nicht fehlen, denn schlie\u00dflich hat Andrea ja Funny auch schon einmal wieder belebt.           <\/p><\/div><\/div><div class=\"fusion-clearfix\"><\/div><\/article>\n<article id=\"blog-1-post-13483\" class=\"fusion-post-medium post-13483 post type-post status-publish format-standard hentry category-allgemein category-news\">\n\t<style type=\"text\/css\">\n\t\t\n\t\t\n\t\t\n\t\t\n\t\t\t<\/style>\n\n\n<div class=\"fusion-post-content post-content\"><h2 class=\"blog-shortcode-post-title entry-title\">Martina finished Ihren 100. Marathon\/Ultra<\/h2><div class=\"fusion-post-content-container\"><p> Unsere Trainerin Martina absolvierte am 21.8.2022 im Rahmen des 2. Lerbl\u00fcmchen-Marathon ihren 10.. Marathon\/Ultralauf. Sie ist damit auch offizielles Mitglied im 100 Marathon-Club. Wir gratulieren Ihr ganz herzlich und w\u00fcnschen ihr weiterhin viele sch\u00f6ne L\u00e4ufe           <\/p><\/div><\/div><div class=\"fusion-clearfix\"><\/div><\/article>\n<article id=\"blog-1-post-13460\" class=\"fusion-post-medium post-13460 post type-post status-publish format-standard has-post-thumbnail hentry category-allgemein category-news\">\n\t<style type=\"text\/css\">\n\t\t\n\t\t\n\t\t\n\t\t\n\t\t\t<\/style>\n\n\n\t\t\t<div class=\"fusion-flexslider flexslider fusion-flexslider-loading fusion-post-slideshow\" style=\"\">\n\t\t<ul class=\"slides\">\n\t\t\t\n\t\t\t\t\t\t\t\t\t\t\t\t\t\t<li><div  class=\"fusion-image-wrapper fusion-image-size-fixed\" aria-haspopup=\"true\">\n\t\t\t\t<img decoding=\"async\" width=\"320\" height=\"202\" src=\"https:\/\/www.teuto-run-and-fun.de\/TRF-2019\/wp-content\/uploads\/2022\/08\/5C8F6C34-EC84-480B-9BFE-B585DF568463-320x202.jpg\" class=\"attachment-blog-medium size-blog-medium wp-post-image\" alt=\"\" \/><div class=\"fusion-rollover\">\n\t<div class=\"fusion-rollover-content\">\n\n\t\t\t\t\t\t\t\t\t\t\t\t\t\t<a class=\"fusion-rollover-link\" href=\"https:\/\/www.teuto-run-and-fun.de\/TRF-2019\/2022\/08\/16\/immer-wieder-ein-erlebnis-der-mauerweglauf\/\">Immer wieder ein Erlebnis, der Mauerweglauf<\/a>\n\t\t\t\n\t\t\t\t\t\t\t\t\t\t\t\t\t\t\n\t\t\t\t\t\t\t\t\n\t\t\t\t\t\t\t\t\t\t\t\t\t<div class=\"fusion-rollover-sep\"><\/div>\n\t\t\t\t\n\t\t\t\t\t\t\t\t\t\t\t\t\t\t\t\t\t\t<a class=\"fusion-rollover-gallery\" href=\"https:\/\/www.teuto-run-and-fun.de\/TRF-2019\/wp-content\/uploads\/2022\/08\/5C8F6C34-EC84-480B-9BFE-B585DF568463.jpg\" data-options=\"\" data-id=\"13460\" data-rel=\"iLightbox[gallery]\" data-title=\"5C8F6C34-EC84-480B-9BFE-B585DF568463\" data-caption=\"\">\n\t\t\t\t\t\tGallerie\t\t\t\t\t<\/a>\n\t\t\t\t\t\t\t\t\t\t\t\t\t\t\n\t\t\n\t\t\t\t\t\t\t\t\n\t\t\t\t\t\t\t\t\n\t\t\n\t\t\t\t\t\t<a class=\"fusion-link-wrapper\" href=\"https:\/\/www.teuto-run-and-fun.de\/TRF-2019\/2022\/08\/16\/immer-wieder-ein-erlebnis-der-mauerweglauf\/\" aria-label=\"Immer wieder ein Erlebnis, der Mauerweglauf\"><\/a>\n\t<\/div>\n<\/div>\n<\/div>\n<\/li>\n\t\t\t\n\t\t\t\n\t\t\t\t\t\t\t\t\t\t\t\t\t\t\t\t\t\t\t\t\t\t\t\t\t\t\t\t\t\t\t\t\t\t\t\t\t\t\t\t\t\t\t\t\t\t\t\t\t\t\t\t\t\t\t\t\t\t\t\t\t\t\t\t\t\t\t\t<\/ul>\n\t<\/div>\n\t<div class=\"fusion-post-content post-content\"><h2 class=\"blog-shortcode-post-title entry-title\">Immer wieder ein Erlebnis, der Mauerweglauf<\/h2><div class=\"fusion-post-content-container\"><p> Auch ohne \"Mutti\" finishten unsere 2 Einzell\u00e4ufer und 3 Zweierstaffeln sehr erfolgreich den Mauerweglauf. Im n\u00e4chsten Jahr werden wir dann auch wieder Viererstaffeln organisieren. Bei Interesse d\u00fcrft ihr euch gerne schon melden.            <\/p><\/div><\/div><div class=\"fusion-clearfix\"><\/div><\/article>\n<article id=\"blog-1-post-13454\" class=\"fusion-post-medium post-13454 post type-post status-publish format-standard has-post-thumbnail hentry category-news\">\n\t<style type=\"text\/css\">\n\t\t\n\t\t\n\t\t\n\t\t\n\t\t\t<\/style>\n\n\n\t\t\t<div class=\"fusion-flexslider flexslider fusion-flexslider-loading fusion-post-slideshow\" style=\"\">\n\t\t<ul class=\"slides\">\n\t\t\t\n\t\t\t\t\t\t\t\t\t\t\t\t\t\t<li><div  class=\"fusion-image-wrapper fusion-image-size-fixed\" aria-haspopup=\"true\">\n\t\t\t\t<img decoding=\"async\" width=\"320\" height=\"202\" src=\"https:\/\/www.teuto-run-and-fun.de\/TRF-2019\/wp-content\/uploads\/2022\/08\/IMG_7401-320x202.jpg\" class=\"attachment-blog-medium size-blog-medium wp-post-image\" alt=\"\" srcset=\"https:\/\/www.teuto-run-and-fun.de\/TRF-2019\/wp-content\/uploads\/2022\/08\/IMG_7401-320x202.jpg 320w, https:\/\/www.teuto-run-and-fun.de\/TRF-2019\/wp-content\/uploads\/2022\/08\/IMG_7401-700x441.jpg 700w\" sizes=\"(max-width: 320px) 100vw, 320px\" \/><div class=\"fusion-rollover\">\n\t<div class=\"fusion-rollover-content\">\n\n\t\t\t\t\t\t\t\t\t\t\t\t\t\t<a class=\"fusion-rollover-link\" href=\"https:\/\/www.teuto-run-and-fun.de\/TRF-2019\/2022\/08\/09\/es-geht-wieder-zum-mauerweglauf\/\">Es geht wieder zum Mauerweglauf<\/a>\n\t\t\t\n\t\t\t\t\t\t\t\t\t\t\t\t\t\t\n\t\t\t\t\t\t\t\t\n\t\t\t\t\t\t\t\t\t\t\t\t\t<div class=\"fusion-rollover-sep\"><\/div>\n\t\t\t\t\n\t\t\t\t\t\t\t\t\t\t\t\t\t\t\t\t\t\t<a class=\"fusion-rollover-gallery\" href=\"https:\/\/www.teuto-run-and-fun.de\/TRF-2019\/wp-content\/uploads\/2022\/08\/IMG_7401.jpg\" data-options=\"\" data-id=\"13454\" data-rel=\"iLightbox[gallery]\" data-title=\"IMG_7401\" data-caption=\"\">\n\t\t\t\t\t\tGallerie\t\t\t\t\t<\/a>\n\t\t\t\t\t\t\t\t\t\t\t\t\t\t\n\t\t\n\t\t\t\t\t\t\t\t\n\t\t\t\t\t\t\t\t\n\t\t\n\t\t\t\t\t\t<a class=\"fusion-link-wrapper\" href=\"https:\/\/www.teuto-run-and-fun.de\/TRF-2019\/2022\/08\/09\/es-geht-wieder-zum-mauerweglauf\/\" aria-label=\"Es geht wieder zum Mauerweglauf\"><\/a>\n\t<\/div>\n<\/div>\n<\/div>\n<\/li>\n\t\t\t\n\t\t\t\n\t\t\t\t\t\t\t\t\t\t\t\t\t\t\t\t\t\t\t\t\t\t\t\t\t\t\t\t\t\t\t\t\t\t\t\t\t\t\t\t\t\t\t\t\t\t\t\t\t\t\t\t\t\t\t\t\t\t\t\t\t\t\t\t\t\t\t\t<\/ul>\n\t<\/div>\n\t<div class=\"fusion-post-content post-content\"><h2 class=\"blog-shortcode-post-title entry-title\">Es geht wieder zum Mauerweglauf<\/h2><div class=\"fusion-post-content-container\"><p> Am kommenden Freitag fahren wieder 3 Zweierstaffeln und ein Einzell\u00e4ufer nach Berlin, um am diesj\u00e4hrigen Mauerweglauf teilzunehmen. Dieses Jahr haben wir nur im Vorfeld alles komplett organisiert und werden selbst leider nicht vor Ort sein. Aus der Ferne dr\u00fccken wir nat\u00fcrlich ganz fest die Daumen. Und f\u00fcr n\u00e4chstes Jahr werden wir dann wieder reichlich Staffeln organisieren.     <\/p><\/div><\/div><div class=\"fusion-clearfix\"><\/div><\/article>\n<article id=\"blog-1-post-13329\" class=\"fusion-post-medium post-13329 post type-post status-publish format-standard has-post-thumbnail hentry category-allgemein category-news\">\n\t<style type=\"text\/css\">\n\t\t\n\t\t\n\t\t\n\t\t\n\t\t\t<\/style>\n\n\n\t\t\t<div class=\"fusion-flexslider flexslider fusion-flexslider-loading fusion-post-slideshow\" style=\"\">\n\t\t<ul class=\"slides\">\n\t\t\t\n\t\t\t\t\t\t\t\t\t\t\t\t\t\t<li><div  class=\"fusion-image-wrapper fusion-image-size-fixed\" aria-haspopup=\"true\">\n\t\t\t\t<img decoding=\"async\" width=\"320\" height=\"202\" src=\"https:\/\/www.teuto-run-and-fun.de\/TRF-2019\/wp-content\/uploads\/2021\/11\/83ca8dd0-1bf5-47f8-bece-5120af754670-320x202.jpg\" class=\"attachment-blog-medium size-blog-medium wp-post-image\" alt=\"\" srcset=\"https:\/\/www.teuto-run-and-fun.de\/TRF-2019\/wp-content\/uploads\/2021\/11\/83ca8dd0-1bf5-47f8-bece-5120af754670-320x202.jpg 320w, https:\/\/www.teuto-run-and-fun.de\/TRF-2019\/wp-content\/uploads\/2021\/11\/83ca8dd0-1bf5-47f8-bece-5120af754670-700x441.jpg 700w\" sizes=\"(max-width: 320px) 100vw, 320px\" \/><div class=\"fusion-rollover\">\n\t<div class=\"fusion-rollover-content\">\n\n\t\t\t\t\t\t\t\t\t\t\t\t\t\t<a class=\"fusion-rollover-link\" href=\"https:\/\/www.teuto-run-and-fun.de\/TRF-2019\/2021\/11\/05\/ein-wunderschoenes-wochenende-im-spreewald\/\">Ein wundersch\u00f6nes Wochenende im Spreewald<\/a>\n\t\t\t\n\t\t\t\t\t\t\t\t\t\t\t\t\t\t\n\t\t\t\t\t\t\t\t\n\t\t\t\t\t\t\t\t\t\t\t\t\t<div class=\"fusion-rollover-sep\"><\/div>\n\t\t\t\t\n\t\t\t\t\t\t\t\t\t\t\t\t\t\t\t\t\t\t<a class=\"fusion-rollover-gallery\" href=\"https:\/\/www.teuto-run-and-fun.de\/TRF-2019\/wp-content\/uploads\/2021\/11\/83ca8dd0-1bf5-47f8-bece-5120af754670.jpg\" data-options=\"\" data-id=\"13329\" data-rel=\"iLightbox[gallery]\" data-title=\"83ca8dd0-1bf5-47f8-bece-5120af754670\" data-caption=\"\">\n\t\t\t\t\t\tGallerie\t\t\t\t\t<\/a>\n\t\t\t\t\t\t\t\t\t\t\t\t\t\t\n\t\t\n\t\t\t\t\t\t\t\t\n\t\t\t\t\t\t\t\t\n\t\t\n\t\t\t\t\t\t<a class=\"fusion-link-wrapper\" href=\"https:\/\/www.teuto-run-and-fun.de\/TRF-2019\/2021\/11\/05\/ein-wunderschoenes-wochenende-im-spreewald\/\" aria-label=\"Ein wundersch\u00f6nes Wochenende im Spreewald\"><\/a>\n\t<\/div>\n<\/div>\n<\/div>\n<\/li>\n\t\t\t\n\t\t\t\n\t\t\t\t\t\t\t\t\t\t\t\t\t\t\t\t\t\t\t\t\t\t\t\t\t\t\t\t\t\t\t\t\t\t\t\t\t\t\t\t\t\t\t\t\t\t\t\t\t\t\t\t\t\t\t\t\t\t\t\t\t\t\t\t\t\t\t\t<\/ul>\n\t<\/div>\n\t<div class=\"fusion-post-content post-content\"><h2 class=\"blog-shortcode-post-title entry-title\">Ein wundersch\u00f6nes Wochenende im Spreewald<\/h2><div class=\"fusion-post-content-container\"><p> Unsere letzte Fahrt des Jahres 2021 f\u00fchrte uns zur Spreewaldquerung nach Burg\/Spreewald. Auf Strecken zwischen 10 km und 52 km hatten wir sowohl laufend als auch walkend sehr viel Spa\u00df. Und als Belohnung gab es dann am Sonntag noch eine Kahntour durch den wundersch\u00f6nen sonnigen Spreewald.           <\/p><\/div><\/div><div class=\"fusion-clearfix\"><\/div><\/article>\n<article id=\"blog-1-post-13164\" class=\"fusion-post-medium post-13164 post type-post status-publish format-standard has-post-thumbnail hentry category-allgemein category-news\">\n\t<style type=\"text\/css\">\n\t\t\n\t\t\n\t\t\n\t\t\n\t\t\t<\/style>\n\n\n\t\t\t<div class=\"fusion-flexslider flexslider fusion-flexslider-loading fusion-post-slideshow\" style=\"\">\n\t\t<ul class=\"slides\">\n\t\t\t\n\t\t\t\t\t\t\t\t\t\t\t\t\t\t<li><div  class=\"fusion-image-wrapper fusion-image-size-fixed\" aria-haspopup=\"true\">\n\t\t\t\t<img decoding=\"async\" width=\"320\" height=\"202\" src=\"https:\/\/www.teuto-run-and-fun.de\/TRF-2019\/wp-content\/uploads\/2019\/11\/eab21e2e-753b-49a8-9757-18fbc188e8f7-320x202.jpg\" class=\"attachment-blog-medium size-blog-medium wp-post-image\" alt=\"Unsere Hermannslauf Laufgruppe im Teutoburger Wald\" srcset=\"https:\/\/www.teuto-run-and-fun.de\/TRF-2019\/wp-content\/uploads\/2019\/11\/eab21e2e-753b-49a8-9757-18fbc188e8f7-320x202.jpg 320w, https:\/\/www.teuto-run-and-fun.de\/TRF-2019\/wp-content\/uploads\/2019\/11\/eab21e2e-753b-49a8-9757-18fbc188e8f7-700x441.jpg 700w\" sizes=\"(max-width: 320px) 100vw, 320px\" \/><div class=\"fusion-rollover\">\n\t<div class=\"fusion-rollover-content\">\n\n\t\t\t\t\t\t\t\t\t\t\t\t\t\t<a class=\"fusion-rollover-link\" href=\"https:\/\/www.teuto-run-and-fun.de\/TRF-2019\/2021\/10\/12\/13164\/\">Es gibt wieder ein Hermannslauf\/Rennsteiglauftraining<\/a>\n\t\t\t\n\t\t\t\t\t\t\t\t\t\t\t\t\t\t\n\t\t\t\t\t\t\t\t\n\t\t\t\t\t\t\t\t\t\t\t\t\t<div class=\"fusion-rollover-sep\"><\/div>\n\t\t\t\t\n\t\t\t\t\t\t\t\t\t\t\t\t\t\t\t\t\t\t<a class=\"fusion-rollover-gallery\" href=\"https:\/\/www.teuto-run-and-fun.de\/TRF-2019\/wp-content\/uploads\/2019\/11\/eab21e2e-753b-49a8-9757-18fbc188e8f7-e1574612486874.jpg\" data-options=\"\" data-id=\"13164\" data-rel=\"iLightbox[gallery]\" data-title=\"Unsere Hermannslauf Laufgruppe im Teutoburger Wald\" data-caption=\"\">\n\t\t\t\t\t\tGallerie\t\t\t\t\t<\/a>\n\t\t\t\t\t\t\t\t\t\t\t\t\t\t\n\t\t\n\t\t\t\t\t\t\t\t\n\t\t\t\t\t\t\t\t\n\t\t\n\t\t\t\t\t\t<a class=\"fusion-link-wrapper\" href=\"https:\/\/www.teuto-run-and-fun.de\/TRF-2019\/2021\/10\/12\/13164\/\" aria-label=\"Es gibt wieder ein Hermannslauf\/Rennsteiglauftraining\"><\/a>\n\t<\/div>\n<\/div>\n<\/div>\n<\/li>\n\t\t\t\n\t\t\t\n\t\t\t\t\t\t\t\t\t\t\t\t\t\t\t\t\t\t\t\t\t\t\t\t\t\t\t\t\t\t\t\t\t\t\t\t\t\t\t\t\t\t\t\t\t\t\t\t\t\t\t\t\t\t\t\t\t\t\t\t\t\t\t\t\t\t\t\t<\/ul>\n\t<\/div>\n\t<div class=\"fusion-post-content post-content\"><h2 class=\"blog-shortcode-post-title entry-title\">Es gibt wieder ein Hermannslauf\/Rennsteiglauftraining<\/h2><div class=\"fusion-post-content-container\"><p> Endlich wieder gemeinsames Training. Ab dem 27.11.2021 wollen wir euch samstags auf den 50. Hermannslauf 2022 und den Rennsteiglauf vorbereiten. Wir freuen uns schon sehr darauf, die konkreten Termine folgen in K\u00fcrze          <\/p><\/div><\/div><div class=\"fusion-clearfix\"><\/div><\/article>\n<article id=\"blog-1-post-13148\" class=\"fusion-post-medium post-13148 post type-post status-publish format-standard has-post-thumbnail hentry category-news\">\n\t<style type=\"text\/css\">\n\t\t\n\t\t\n\t\t\n\t\t\n\t\t\t<\/style>\n\n\n\t\t\t<div class=\"fusion-flexslider flexslider fusion-flexslider-loading fusion-post-slideshow\" style=\"\">\n\t\t<ul class=\"slides\">\n\t\t\t\n\t\t\t\t\t\t\t\t\t\t\t\t\t\t<li><div  class=\"fusion-image-wrapper fusion-image-size-fixed\" aria-haspopup=\"true\">\n\t\t\t\t<img decoding=\"async\" width=\"320\" height=\"202\" src=\"https:\/\/www.teuto-run-and-fun.de\/TRF-2019\/wp-content\/uploads\/2021\/08\/0dc8bd2d-96b8-4791-8ba4-4f39a79baaa7-320x202.jpg\" class=\"attachment-blog-medium size-blog-medium wp-post-image\" alt=\"\" srcset=\"https:\/\/www.teuto-run-and-fun.de\/TRF-2019\/wp-content\/uploads\/2021\/08\/0dc8bd2d-96b8-4791-8ba4-4f39a79baaa7-320x202.jpg 320w, https:\/\/www.teuto-run-and-fun.de\/TRF-2019\/wp-content\/uploads\/2021\/08\/0dc8bd2d-96b8-4791-8ba4-4f39a79baaa7-700x441.jpg 700w\" sizes=\"(max-width: 320px) 100vw, 320px\" \/><div class=\"fusion-rollover\">\n\t<div class=\"fusion-rollover-content\">\n\n\t\t\t\t\t\t\t\t\t\t\t\t\t\t<a class=\"fusion-rollover-link\" href=\"https:\/\/www.teuto-run-and-fun.de\/TRF-2019\/2021\/08\/24\/fahrt-zum-berliner-halbmarathon\/\">Fahrt zum Berliner Halbmarathon<\/a>\n\t\t\t\n\t\t\t\t\t\t\t\t\t\t\t\t\t\t\n\t\t\t\t\t\t\t\t\n\t\t\t\t\t\t\t\t\t\t\t\t\t<div class=\"fusion-rollover-sep\"><\/div>\n\t\t\t\t\n\t\t\t\t\t\t\t\t\t\t\t\t\t\t\t\t\t\t<a class=\"fusion-rollover-gallery\" href=\"https:\/\/www.teuto-run-and-fun.de\/TRF-2019\/wp-content\/uploads\/2021\/08\/0dc8bd2d-96b8-4791-8ba4-4f39a79baaa7.jpg\" data-options=\"\" data-id=\"13148\" data-rel=\"iLightbox[gallery]\" data-title=\"0dc8bd2d-96b8-4791-8ba4-4f39a79baaa7\" data-caption=\"\">\n\t\t\t\t\t\tGallerie\t\t\t\t\t<\/a>\n\t\t\t\t\t\t\t\t\t\t\t\t\t\t\n\t\t\n\t\t\t\t\t\t\t\t\n\t\t\t\t\t\t\t\t\n\t\t\n\t\t\t\t\t\t<a class=\"fusion-link-wrapper\" href=\"https:\/\/www.teuto-run-and-fun.de\/TRF-2019\/2021\/08\/24\/fahrt-zum-berliner-halbmarathon\/\" aria-label=\"Fahrt zum Berliner Halbmarathon\"><\/a>\n\t<\/div>\n<\/div>\n<\/div>\n<\/li>\n\t\t\t\n\t\t\t\n\t\t\t\t\t\t\t\t\t\t\t\t\t\t\t\t\t\t\t\t\t\t\t\t\t\t\t\t\t\t\t\t\t\t\t\t\t\t\t\t\t\t\t\t\t\t\t\t\t\t\t\t\t\t\t\t\t\t\t\t\t\t\t\t\t\t\t\t<\/ul>\n\t<\/div>\n\t<div class=\"fusion-post-content post-content\"><h2 class=\"blog-shortcode-post-title entry-title\">Fahrt zum Berliner Halbmarathon<\/h2><div class=\"fusion-post-content-container\"><p> Endlich wieder eine richtige Veranstaltung. Am letzten Wochenende nahmen wir mit 14 Personen am Berliner Halbmarathon teil. Alle waren total begeistert von der Atmosph\u00e4re und auch von ihren Ergebnissen. Unsere \"Chefin\" Sonja Kley hatte sich als Volonteer gemeldet und erwartete alle L\u00e4ufer vor dem Brandenburger Tor           <\/p><\/div><\/div><div class=\"fusion-clearfix\"><\/div><\/article>\n<article id=\"blog-1-post-13118\" class=\"fusion-post-medium post-13118 post type-post status-publish format-standard has-post-thumbnail hentry category-news\">\n\t<style type=\"text\/css\">\n\t\t\n\t\t\n\t\t\n\t\t\n\t\t\t<\/style>\n\n\n\t\t\t<div class=\"fusion-flexslider flexslider fusion-flexslider-loading fusion-post-slideshow\" style=\"\">\n\t\t<ul class=\"slides\">\n\t\t\t\n\t\t\t\t\t\t\t\t\t\t\t\t\t\t<li><div  class=\"fusion-image-wrapper fusion-image-size-fixed\" aria-haspopup=\"true\">\n\t\t\t\t<img decoding=\"async\" width=\"320\" height=\"202\" src=\"https:\/\/www.teuto-run-and-fun.de\/TRF-2019\/wp-content\/uploads\/2021\/07\/06b069d8-793f-42bf-903f-b9e866d0e98e-320x202.jpg\" class=\"attachment-blog-medium size-blog-medium wp-post-image\" alt=\"Utes 100er Marathon \/ Ultra\" srcset=\"https:\/\/www.teuto-run-and-fun.de\/TRF-2019\/wp-content\/uploads\/2021\/07\/06b069d8-793f-42bf-903f-b9e866d0e98e-320x202.jpg 320w, https:\/\/www.teuto-run-and-fun.de\/TRF-2019\/wp-content\/uploads\/2021\/07\/06b069d8-793f-42bf-903f-b9e866d0e98e-700x441.jpg 700w\" sizes=\"(max-width: 320px) 100vw, 320px\" \/><div class=\"fusion-rollover\">\n\t<div class=\"fusion-rollover-content\">\n\n\t\t\t\t\t\t\t\t\t\t\t\t\t\t<a class=\"fusion-rollover-link\" href=\"https:\/\/www.teuto-run-and-fun.de\/TRF-2019\/2021\/07\/26\/ute-laeuft-ihren-100-marathon-ultra\/\">Ute l\u00e4uft ihren 100. Marathon\/Ultra<\/a>\n\t\t\t\n\t\t\t\t\t\t\t\t\t\t\t\t\t\t\n\t\t\t\t\t\t\t\t\n\t\t\t\t\t\t\t\t\t\t\t\t\t<div class=\"fusion-rollover-sep\"><\/div>\n\t\t\t\t\n\t\t\t\t\t\t\t\t\t\t\t\t\t\t\t\t\t\t<a class=\"fusion-rollover-gallery\" href=\"https:\/\/www.teuto-run-and-fun.de\/TRF-2019\/wp-content\/uploads\/2021\/07\/06b069d8-793f-42bf-903f-b9e866d0e98e.jpg\" data-options=\"\" data-id=\"13118\" data-rel=\"iLightbox[gallery]\" data-title=\"Utes 100er Marathon \/ Ultra\" data-caption=\"\">\n\t\t\t\t\t\tGallerie\t\t\t\t\t<\/a>\n\t\t\t\t\t\t\t\t\t\t\t\t\t\t\n\t\t\n\t\t\t\t\t\t\t\t\n\t\t\t\t\t\t\t\t\n\t\t\n\t\t\t\t\t\t<a class=\"fusion-link-wrapper\" href=\"https:\/\/www.teuto-run-and-fun.de\/TRF-2019\/2021\/07\/26\/ute-laeuft-ihren-100-marathon-ultra\/\" aria-label=\"Ute l\u00e4uft ihren 100. Marathon\/Ultra\"><\/a>\n\t<\/div>\n<\/div>\n<\/div>\n<\/li>\n\t\t\t\n\t\t\t\n\t\t\t\t\t\t\t\t\t\t\t\t\t\t\t\t\t\t\t\t\t\t\t\t\t\t\t\t\t\t\t\t\t\t\t\t\t\t\t\t\t\t\t\t\t\t\t\t\t\t\t\t\t\t\t\t\t\t\t\t\t\t\t\t\t\t\t\t<\/ul>\n\t<\/div>\n\t<div class=\"fusion-post-content post-content\"><h2 class=\"blog-shortcode-post-title entry-title\">Ute l\u00e4uft ihren 100. Marathon\/Ultra<\/h2><div class=\"fusion-post-content-container\"><p> Am 18.7.2021 absolvierte unsere Trainerin und Langstrecken-Genussl\u00e4uferin im Rahmen des Freeden-Marathon ihren 100. Marathon\/Ultralauf und ist jetzt Mitglied im 100-Marathon-Club. Wir gratulieren ihr ganz herzlich!     <\/p><\/div><\/div><div class=\"fusion-clearfix\"><\/div><\/article>\n<article id=\"blog-1-post-13076\" class=\"fusion-post-medium post-13076 post type-post status-publish format-standard has-post-thumbnail hentry category-news\">\n\t<style type=\"text\/css\">\n\t\t\n\t\t\n\t\t\n\t\t\n\t\t\t<\/style>\n\n\n\t\t\t<div class=\"fusion-flexslider flexslider fusion-flexslider-loading fusion-post-slideshow\" style=\"\">\n\t\t<ul class=\"slides\">\n\t\t\t\n\t\t\t\t\t\t\t\t\t\t\t\t\t\t<li><div  class=\"fusion-image-wrapper fusion-image-size-fixed\" aria-haspopup=\"true\">\n\t\t\t\t<img decoding=\"async\" width=\"320\" height=\"202\" src=\"https:\/\/www.teuto-run-and-fun.de\/TRF-2019\/wp-content\/uploads\/2021\/06\/IMG_4207-320x202.jpg\" class=\"attachment-blog-medium size-blog-medium wp-post-image\" alt=\"\" srcset=\"https:\/\/www.teuto-run-and-fun.de\/TRF-2019\/wp-content\/uploads\/2021\/06\/IMG_4207-320x202.jpg 320w, https:\/\/www.teuto-run-and-fun.de\/TRF-2019\/wp-content\/uploads\/2021\/06\/IMG_4207-700x441.jpg 700w\" sizes=\"(max-width: 320px) 100vw, 320px\" \/><div class=\"fusion-rollover\">\n\t<div class=\"fusion-rollover-content\">\n\n\t\t\t\t\t\t\t\t\t\t\t\t\t\t<a class=\"fusion-rollover-link\" href=\"https:\/\/www.teuto-run-and-fun.de\/TRF-2019\/2021\/06\/02\/wir-trauern-um-unseren-lutz\/\">Wir trauern um unseren Lutz<\/a>\n\t\t\t\n\t\t\t\t\t\t\t\t\t\t\t\t\t\t\n\t\t\t\t\t\t\t\t\n\t\t\t\t\t\t\t\t\t\t\t\t\t<div class=\"fusion-rollover-sep\"><\/div>\n\t\t\t\t\n\t\t\t\t\t\t\t\t\t\t\t\t\t\t\t\t\t\t<a class=\"fusion-rollover-gallery\" href=\"https:\/\/www.teuto-run-and-fun.de\/TRF-2019\/wp-content\/uploads\/2021\/06\/IMG_4207.jpg\" data-options=\"\" data-id=\"13076\" data-rel=\"iLightbox[gallery]\" data-title=\"IMG_4207\" data-caption=\"\">\n\t\t\t\t\t\tGallerie\t\t\t\t\t<\/a>\n\t\t\t\t\t\t\t\t\t\t\t\t\t\t\n\t\t\n\t\t\t\t\t\t\t\t\n\t\t\t\t\t\t\t\t\n\t\t\n\t\t\t\t\t\t<a class=\"fusion-link-wrapper\" href=\"https:\/\/www.teuto-run-and-fun.de\/TRF-2019\/2021\/06\/02\/wir-trauern-um-unseren-lutz\/\" aria-label=\"Wir trauern um unseren Lutz\"><\/a>\n\t<\/div>\n<\/div>\n<\/div>\n<\/li>\n\t\t\t\n\t\t\t\n\t\t\t\t\t\t\t\t\t\t\t\t\t\t\t\t\t\t\t\t\t\t\t\t\t\t\t\t\t\t\t\t\t\t\t\t\t\t\t\t\t\t\t\t\t\t\t\t\t\t\t\t\t\t\t\t\t\t\t\t\t\t\t\t\t\t\t\t<\/ul>\n\t<\/div>\n\t<div class=\"fusion-post-content post-content\"><h2 class=\"blog-shortcode-post-title entry-title\">Wir trauern um unseren Lutz<\/h2><div class=\"fusion-post-content-container\"><p> Lutz Horstkotte ist am 30.5. v\u00f6llig \u00fcberraschend im Alter von nur 52 Jahren gestorben. Wir sind geschockt und ersch\u00fcttert \u00fcber seinen viel zu fr\u00fchen Tod. Mit Lutz verlieren wir einen unserer l\u00e4ngsten Team-Mitglieder, mit dem wir alle viele Erinnerungen verbinden. Lutz war ein Mensch, der mit seiner ansteckenden Fr\u00f6hlichkeit und seinen Spr\u00fcchen stets f\u00fcr gute Laune in der Gruppe gesorgt hat. Er war jemand, der immer da war, wenn er gebraucht wurde, der sich k\u00fcmmerte, wenn was anlag, der als Helfer zur Verf\u00fcgung stand, der viele Kuchen gebacken und Eise spendiert hat. Der Ideen eingebracht hat und andere motivieren und mitrei\u00dfen konnte, kurzum eine absolute Bereicherung f\u00fcr unsere Gruppe. Im Moment mag sich noch niemand vorstellen, wie unser Lauftreff zuk\u00fcnftig ohne ihn sein wird. Adios lieber Freund, wir werden dich niemals vergessen und sicher noch bei vielen kommenden Events an dich denken und f\u00fcr dich mitlaufen. Und irgendwann wird es dann einen Lauf geben nur f\u00fcr dich. Im Namen der gesamten Gruppe Sonja und Detlef Kley     <\/p><\/div><\/div><div class=\"fusion-clearfix\"><\/div><\/article>\n<article id=\"blog-1-post-13071\" class=\"fusion-post-medium post-13071 post type-post status-publish format-standard has-post-thumbnail hentry category-news\">\n\t<style type=\"text\/css\">\n\t\t\n\t\t\n\t\t\n\t\t\n\t\t\t<\/style>\n\n\n\t\t\t<div class=\"fusion-flexslider flexslider fusion-flexslider-loading fusion-post-slideshow\" style=\"\">\n\t\t<ul class=\"slides\">\n\t\t\t\n\t\t\t\t\t\t\t\t\t\t\t\t\t\t<li><div  class=\"fusion-image-wrapper fusion-image-size-fixed\" aria-haspopup=\"true\">\n\t\t\t\t<img decoding=\"async\" width=\"320\" height=\"202\" src=\"https:\/\/www.teuto-run-and-fun.de\/TRF-2019\/wp-content\/uploads\/2019\/10\/maskottchen-funny-320x202.jpg\" class=\"attachment-blog-medium size-blog-medium wp-post-image\" alt=\"Unser Maskottchen Funny ist bei allen Terminen dabei\" srcset=\"https:\/\/www.teuto-run-and-fun.de\/TRF-2019\/wp-content\/uploads\/2019\/10\/maskottchen-funny-320x202.jpg 320w, https:\/\/www.teuto-run-and-fun.de\/TRF-2019\/wp-content\/uploads\/2019\/10\/maskottchen-funny-636x400.jpg 636w\" sizes=\"(max-width: 320px) 100vw, 320px\" \/><div class=\"fusion-rollover\">\n\t<div class=\"fusion-rollover-content\">\n\n\t\t\t\t\t\t\t\t\t\t\t\t\t\t<a class=\"fusion-rollover-link\" href=\"https:\/\/www.teuto-run-and-fun.de\/TRF-2019\/2021\/06\/01\/endlich-wieder-gemeinsam\/\">Endlich wieder gemeinsam<\/a>\n\t\t\t\n\t\t\t\t\t\t\t\t\t\t\t\t\t\t\n\t\t\t\t\t\t\t\t\n\t\t\t\t\t\t\t\t\t\t\t\t\t<div class=\"fusion-rollover-sep\"><\/div>\n\t\t\t\t\n\t\t\t\t\t\t\t\t\t\t\t\t\t\t\t\t\t\t<a class=\"fusion-rollover-gallery\" href=\"https:\/\/www.teuto-run-and-fun.de\/TRF-2019\/wp-content\/uploads\/2019\/10\/maskottchen-funny.jpg\" data-options=\"\" data-id=\"13071\" data-rel=\"iLightbox[gallery]\" data-title=\"Unser Maskottchen Funny ist bei allen Terminen dabei\" data-caption=\"\">\n\t\t\t\t\t\tGallerie\t\t\t\t\t<\/a>\n\t\t\t\t\t\t\t\t\t\t\t\t\t\t\n\t\t\n\t\t\t\t\t\t\t\t\n\t\t\t\t\t\t\t\t\n\t\t\n\t\t\t\t\t\t<a class=\"fusion-link-wrapper\" href=\"https:\/\/www.teuto-run-and-fun.de\/TRF-2019\/2021\/06\/01\/endlich-wieder-gemeinsam\/\" aria-label=\"Endlich wieder gemeinsam\"><\/a>\n\t<\/div>\n<\/div>\n<\/div>\n<\/li>\n\t\t\t\n\t\t\t\n\t\t\t\t\t\t\t\t\t\t\t\t\t\t\t\t\t\t\t\t\t\t\t\t\t\t\t\t\t\t\t\t\t\t\t\t\t\t\t\t\t\t\t\t\t\t\t\t\t\t\t\t\t\t\t\t\t\t\t\t\t\t\t\t\t\t\t\t<\/ul>\n\t<\/div>\n\t<div class=\"fusion-post-content post-content\"><h2 class=\"blog-shortcode-post-title entry-title\">Endlich wieder gemeinsam<\/h2><div class=\"fusion-post-content-container\"><p> Endlich ist es soweit, wir d\u00fcrfen wieder gemeinsam mit euch laufen\/walken. Ab Dienstag, den 1.6.2021 findet dienstags und donnerstags wieder sowohl unser regelm\u00e4\u00dfiger Lauftreff als auch unser regelm\u00e4\u00dfiger Walking-Treff statt. Die Walker starten um 18.00 Uhr und die L\u00e4ufer um 18:30 Uhr in der Georgstr. 15 in Quelle. Wir freuen uns schon sehr auf Euch     <\/p><\/div><\/div><div class=\"fusion-clearfix\"><\/div><\/article>\n<article id=\"blog-1-post-13047\" class=\"fusion-post-medium post-13047 post type-post status-publish format-standard hentry category-allgemein category-news\">\n\t<style type=\"text\/css\">\n\t\t\n\t\t\n\t\t\n\t\t\n\t\t\t<\/style>\n\n\n<div class=\"fusion-post-content post-content\"><h2 class=\"blog-shortcode-post-title entry-title\">Ja, wir fahren nach Amsterdam<\/h2><div class=\"fusion-post-content-container\"><p> Der Amsterdam Marathon ist erst im Oktober und so sind wir sicher, dass unsere geplante Fahrt dorthin stattfinden wird. Es gibt dort Strecken \u00fcber Marathon, Halbmarathon und 8 km. Ausf\u00fchrliche Informationen findet ihr in unseren Ausschreibungen     <\/p><\/div><\/div><div class=\"fusion-clearfix\"><\/div><\/article>\n<article id=\"blog-1-post-12996\" class=\"fusion-post-medium post-12996 post type-post status-publish format-standard has-post-thumbnail hentry category-allgemein category-news\">\n\t<style type=\"text\/css\">\n\t\t\n\t\t\n\t\t\n\t\t\n\t\t\t<\/style>\n\n\n\t\t\t<div class=\"fusion-flexslider flexslider fusion-flexslider-loading fusion-post-slideshow\" style=\"\">\n\t\t<ul class=\"slides\">\n\t\t\t\n\t\t\t\t\t\t\t\t\t\t\t\t\t\t<li><div  class=\"fusion-image-wrapper fusion-image-size-fixed\" aria-haspopup=\"true\">\n\t\t\t\t<img decoding=\"async\" width=\"320\" height=\"202\" src=\"https:\/\/www.teuto-run-and-fun.de\/TRF-2019\/wp-content\/uploads\/2020\/11\/a36bff1d-3c9e-4887-a6b9-d934114745a6-320x202.jpg\" class=\"attachment-blog-medium size-blog-medium wp-post-image\" alt=\"\" srcset=\"https:\/\/www.teuto-run-and-fun.de\/TRF-2019\/wp-content\/uploads\/2020\/11\/a36bff1d-3c9e-4887-a6b9-d934114745a6-320x202.jpg 320w, https:\/\/www.teuto-run-and-fun.de\/TRF-2019\/wp-content\/uploads\/2020\/11\/a36bff1d-3c9e-4887-a6b9-d934114745a6-700x441.jpg 700w\" sizes=\"(max-width: 320px) 100vw, 320px\" \/><div class=\"fusion-rollover\">\n\t<div class=\"fusion-rollover-content\">\n\n\t\t\t\t\t\t\t\t\t\t\t\t\t\t<a class=\"fusion-rollover-link\" href=\"https:\/\/www.teuto-run-and-fun.de\/TRF-2019\/2020\/11\/26\/weiterhin-kein-gemeinsames-laufen\/\">Weiterhin kein gemeinsames Laufen<\/a>\n\t\t\t\n\t\t\t\t\t\t\t\t\t\t\t\t\t\t\n\t\t\t\t\t\t\t\t\n\t\t\t\t\t\t\t\t\t\t\t\t\t<div class=\"fusion-rollover-sep\"><\/div>\n\t\t\t\t\n\t\t\t\t\t\t\t\t\t\t\t\t\t\t\t\t\t\t<a class=\"fusion-rollover-gallery\" href=\"https:\/\/www.teuto-run-and-fun.de\/TRF-2019\/wp-content\/uploads\/2020\/11\/a36bff1d-3c9e-4887-a6b9-d934114745a6.jpg\" data-options=\"\" data-id=\"12996\" data-rel=\"iLightbox[gallery]\" data-title=\"a36bff1d-3c9e-4887-a6b9-d934114745a6\" data-caption=\"\">\n\t\t\t\t\t\tGallerie\t\t\t\t\t<\/a>\n\t\t\t\t\t\t\t\t\t\t\t\t\t\t\n\t\t\n\t\t\t\t\t\t\t\t\n\t\t\t\t\t\t\t\t\n\t\t\n\t\t\t\t\t\t<a class=\"fusion-link-wrapper\" href=\"https:\/\/www.teuto-run-and-fun.de\/TRF-2019\/2020\/11\/26\/weiterhin-kein-gemeinsames-laufen\/\" aria-label=\"Weiterhin kein gemeinsames Laufen\"><\/a>\n\t<\/div>\n<\/div>\n<\/div>\n<\/li>\n\t\t\t\n\t\t\t\n\t\t\t\t\t\t\t\t\t\t\t\t\t\t\t\t\t\t\t\t\t\t\t\t\t\t\t\t\t\t\t\t\t\t\t\t\t\t\t\t\t\t\t\t\t\t\t\t\t\t\t\t\t\t\t\t\t\t\t\t\t\t\t\t\t\t\t\t<\/ul>\n\t<\/div>\n\t<div class=\"fusion-post-content post-content\"><h2 class=\"blog-shortcode-post-title entry-title\">Weiterhin kein gemeinsames Laufen<\/h2><div class=\"fusion-post-content-container\"><p> Wir sind sehr traurig, aber leider d\u00fcrfen wir euch weiterhin keine gemeinsamen Laufeinheiten anbieten. Das betrifft nun auch sowohl unser geplantes Wintertraining als auch den Silvesterlauf\u00a0 Sobald es Neuigkeiten gibt, werden wir uns sofort bei euch melden. Wir nutzen nun aber die Zeit, unsere Events im sp\u00e4teren Jahr zu planen, schaut einfach immer mal wieder unter Ausschreibungen     <\/p><\/div><\/div><div class=\"fusion-clearfix\"><\/div><\/article>\n<article id=\"blog-1-post-12986\" class=\"fusion-post-medium post-12986 post type-post status-publish format-standard has-post-thumbnail hentry category-allgemein category-news\">\n\t<style type=\"text\/css\">\n\t\t\n\t\t\n\t\t\n\t\t\n\t\t\t<\/style>\n\n\n\t\t\t<div class=\"fusion-flexslider flexslider fusion-flexslider-loading fusion-post-slideshow\" style=\"\">\n\t\t<ul class=\"slides\">\n\t\t\t\n\t\t\t\t\t\t\t\t\t\t\t\t\t\t<li><div  class=\"fusion-image-wrapper fusion-image-size-fixed\" aria-haspopup=\"true\">\n\t\t\t\t<img decoding=\"async\" width=\"320\" height=\"202\" src=\"https:\/\/www.teuto-run-and-fun.de\/TRF-2019\/wp-content\/uploads\/2019\/11\/hg-versorgungsstelle-320x202.jpg\" class=\"attachment-blog-medium size-blog-medium wp-post-image\" alt=\"Teuto Run &amp; Fun Versorgungsstelle mit Sonja und Lauf-Maskottchen Klopfer\" srcset=\"https:\/\/www.teuto-run-and-fun.de\/TRF-2019\/wp-content\/uploads\/2019\/11\/hg-versorgungsstelle-320x202.jpg 320w, https:\/\/www.teuto-run-and-fun.de\/TRF-2019\/wp-content\/uploads\/2019\/11\/hg-versorgungsstelle-700x441.jpg 700w\" sizes=\"(max-width: 320px) 100vw, 320px\" \/><div class=\"fusion-rollover\">\n\t<div class=\"fusion-rollover-content\">\n\n\t\t\t\t\t\t\t\t\t\t\t\t\t\t<a class=\"fusion-rollover-link\" href=\"https:\/\/www.teuto-run-and-fun.de\/TRF-2019\/2020\/10\/29\/coronabedingt-keine-lauftreffs-im-november\/\">Coronabedingt keine Lauftreffs im November<\/a>\n\t\t\t\n\t\t\t\t\t\t\t\t\t\t\t\t\t\t\n\t\t\t\t\t\t\t\t\n\t\t\t\t\t\t\t\t\t\t\t\t\t<div class=\"fusion-rollover-sep\"><\/div>\n\t\t\t\t\n\t\t\t\t\t\t\t\t\t\t\t\t\t\t\t\t\t\t<a class=\"fusion-rollover-gallery\" href=\"https:\/\/www.teuto-run-and-fun.de\/TRF-2019\/wp-content\/uploads\/2019\/11\/hg-versorgungsstelle.jpg\" data-options=\"\" data-id=\"12986\" data-rel=\"iLightbox[gallery]\" data-title=\"Teuto Run &amp; Fun Versorgungsstelle mit Sonja und Lauf-Maskottchen Klopfer\" data-caption=\"\">\n\t\t\t\t\t\tGallerie\t\t\t\t\t<\/a>\n\t\t\t\t\t\t\t\t\t\t\t\t\t\t\n\t\t\n\t\t\t\t\t\t\t\t\n\t\t\t\t\t\t\t\t\n\t\t\n\t\t\t\t\t\t<a class=\"fusion-link-wrapper\" href=\"https:\/\/www.teuto-run-and-fun.de\/TRF-2019\/2020\/10\/29\/coronabedingt-keine-lauftreffs-im-november\/\" aria-label=\"Coronabedingt keine Lauftreffs im November\"><\/a>\n\t<\/div>\n<\/div>\n<\/div>\n<\/li>\n\t\t\t\n\t\t\t\n\t\t\t\t\t\t\t\t\t\t\t\t\t\t\t\t\t\t\t\t\t\t\t\t\t\t\t\t\t\t\t\t\t\t\t\t\t\t\t\t\t\t\t\t\t\t\t\t\t\t\t\t\t\t\t\t\t\t\t\t\t\t\t\t\t\t\t\t<\/ul>\n\t<\/div>\n\t<div class=\"fusion-post-content post-content\"><h2 class=\"blog-shortcode-post-title entry-title\">Coronabedingt keine Lauftreffs im November<\/h2><div class=\"fusion-post-content-container\"><p> Aufgrund der neuen Corona-Verordnung k\u00f6nnen wir im Monat November leider nicht gemeinsam mit euch laufen. Unsere Lauftreffs fallen daher bis Ende November aus. Ab Dezember sind wir dann (hoffentlich) wieder f\u00fcr euch da. Bis dahin: Bleibt alle gesund     <\/p><\/div><\/div><div class=\"fusion-clearfix\"><\/div><\/article>\n<article id=\"blog-1-post-12977\" class=\"fusion-post-medium post-12977 post type-post status-publish format-standard has-post-thumbnail hentry category-allgemein category-news\">\n\t<style type=\"text\/css\">\n\t\t\n\t\t\n\t\t\n\t\t\n\t\t\t<\/style>\n\n\n\t\t\t<div class=\"fusion-flexslider flexslider fusion-flexslider-loading fusion-post-slideshow\" style=\"\">\n\t\t<ul class=\"slides\">\n\t\t\t\n\t\t\t\t\t\t\t\t\t\t\t\t\t\t<li><div  class=\"fusion-image-wrapper fusion-image-size-fixed\" aria-haspopup=\"true\">\n\t\t\t\t<img decoding=\"async\" width=\"320\" height=\"202\" src=\"https:\/\/www.teuto-run-and-fun.de\/TRF-2019\/wp-content\/uploads\/2020\/09\/IMG_3186-320x202.jpg\" class=\"attachment-blog-medium size-blog-medium wp-post-image\" alt=\"\" srcset=\"https:\/\/www.teuto-run-and-fun.de\/TRF-2019\/wp-content\/uploads\/2020\/09\/IMG_3186-320x202.jpg 320w, https:\/\/www.teuto-run-and-fun.de\/TRF-2019\/wp-content\/uploads\/2020\/09\/IMG_3186-700x441.jpg 700w\" sizes=\"(max-width: 320px) 100vw, 320px\" \/><div class=\"fusion-rollover\">\n\t<div class=\"fusion-rollover-content\">\n\n\t\t\t\t\t\t\t\t\t\t\t\t\t\t<a class=\"fusion-rollover-link\" href=\"https:\/\/www.teuto-run-and-fun.de\/TRF-2019\/2020\/09\/28\/wir-waren-zum-wandern-in-bamberg\/\">Wir waren zum Wandern in Bamberg<\/a>\n\t\t\t\n\t\t\t\t\t\t\t\t\t\t\t\t\t\t\n\t\t\t\t\t\t\t\t\n\t\t\t\t\t\t\t\t\t\t\t\t\t<div class=\"fusion-rollover-sep\"><\/div>\n\t\t\t\t\n\t\t\t\t\t\t\t\t\t\t\t\t\t\t\t\t\t\t<a class=\"fusion-rollover-gallery\" href=\"https:\/\/www.teuto-run-and-fun.de\/TRF-2019\/wp-content\/uploads\/2020\/09\/IMG_3186-scaled.jpg\" data-options=\"\" data-id=\"12977\" data-rel=\"iLightbox[gallery]\" data-title=\"IMG_3186\" data-caption=\"\">\n\t\t\t\t\t\tGallerie\t\t\t\t\t<\/a>\n\t\t\t\t\t\t\t\t\t\t\t\t\t\t\n\t\t\n\t\t\t\t\t\t\t\t\n\t\t\t\t\t\t\t\t\n\t\t\n\t\t\t\t\t\t<a class=\"fusion-link-wrapper\" href=\"https:\/\/www.teuto-run-and-fun.de\/TRF-2019\/2020\/09\/28\/wir-waren-zum-wandern-in-bamberg\/\" aria-label=\"Wir waren zum Wandern in Bamberg\"><\/a>\n\t<\/div>\n<\/div>\n<\/div>\n<\/li>\n\t\t\t\n\t\t\t\n\t\t\t\t\t\t\t\t\t\t\t\t\t\t\t\t\t\t\t\t\t\t\t\t\t\t\t\t\t\t\t\t\t\t\t\t\t\t\t\t\t\t\t\t\t\t\t\t\t\t\t\t\t\t\t\t\t\t\t\t\t\t\t\t\t\t\t\t<\/ul>\n\t<\/div>\n\t<div class=\"fusion-post-content post-content\"><h2 class=\"blog-shortcode-post-title entry-title\">Wir waren zum Wandern in Bamberg<\/h2><div class=\"fusion-post-content-container\"><p><\/p><div id=\"fb-root\"><\/div>\n<p>     Wir verreisen auch, wenn L\u00e4ufe ausfallen. So waren wir am vergangenen Wochenende in Bamberg. Samstags sind wir gemeinsam 26 km durch die Fr\u00e4nkische Toscana gewandert und sonntags haben wir uns die Stadt Bamberg angeschaut. So etwas wird mit Sicherheit wiederholt\u2026.. <a href=\"https:\/\/www.teuto-run-and-fun.de\/TRF-2019\/2020\/09\/28\/wir-waren-zum-wandern-in-bamberg\/\"> [\u2026]<\/a><\/p>\n<\/div><\/div><div class=\"fusion-clearfix\"><\/div><\/article>\n<article id=\"blog-1-post-12946\" class=\"fusion-post-medium post-12946 post type-post status-publish format-standard has-post-thumbnail hentry category-allgemein category-news\">\n\t<style type=\"text\/css\">\n\t\t\n\t\t\n\t\t\n\t\t\n\t\t\t<\/style>\n\n\n\t\t\t<div class=\"fusion-flexslider flexslider fusion-flexslider-loading fusion-post-slideshow\" style=\"\">\n\t\t<ul class=\"slides\">\n\t\t\t\n\t\t\t\t\t\t\t\t\t\t\t\t\t\t<li><div  class=\"fusion-image-wrapper fusion-image-size-fixed\" aria-haspopup=\"true\">\n\t\t\t\t<img decoding=\"async\" width=\"320\" height=\"202\" src=\"https:\/\/www.teuto-run-and-fun.de\/TRF-2019\/wp-content\/uploads\/2020\/02\/laufen-im-teutoburger-wald-2-320x202.jpg\" class=\"attachment-blog-medium size-blog-medium wp-post-image\" alt=\"Teuto Run &amp; Fun \u2013 Laufen im Teutoburger Wald\" srcset=\"https:\/\/www.teuto-run-and-fun.de\/TRF-2019\/wp-content\/uploads\/2020\/02\/laufen-im-teutoburger-wald-2-320x202.jpg 320w, https:\/\/www.teuto-run-and-fun.de\/TRF-2019\/wp-content\/uploads\/2020\/02\/laufen-im-teutoburger-wald-2-700x441.jpg 700w\" sizes=\"(max-width: 320px) 100vw, 320px\" \/><div class=\"fusion-rollover\">\n\t<div class=\"fusion-rollover-content\">\n\n\t\t\t\t\t\t\t\t\t\t\t\t\t\t<a class=\"fusion-rollover-link\" href=\"https:\/\/www.teuto-run-and-fun.de\/TRF-2019\/2020\/09\/15\/der-weg-ist-das-ziel-gemeinsames-training-im-winter\/\">Der Weg ist das Ziel. Gemeinsames Training im Winter<\/a>\n\t\t\t\n\t\t\t\t\t\t\t\t\t\t\t\t\t\t\n\t\t\t\t\t\t\t\t\n\t\t\t\t\t\t\t\t\t\t\t\t\t<div class=\"fusion-rollover-sep\"><\/div>\n\t\t\t\t\n\t\t\t\t\t\t\t\t\t\t\t\t\t\t\t\t\t\t<a class=\"fusion-rollover-gallery\" href=\"https:\/\/www.teuto-run-and-fun.de\/TRF-2019\/wp-content\/uploads\/2020\/02\/laufen-im-teutoburger-wald-2.jpg\" data-options=\"\" data-id=\"12946\" data-rel=\"iLightbox[gallery]\" data-title=\"Teuto Run &amp; Fun \u2013 Laufen im Teutoburger Wald\" data-caption=\"Regelm\u00e4\u00dfige Laufgruppe f\u00fcr L\u00e4ufe im Teutoburger Wald und dem j\u00e4hrlichen Hermannslauftraining \">\n\t\t\t\t\t\tGallerie\t\t\t\t\t<\/a>\n\t\t\t\t\t\t\t\t\t\t\t\t\t\t\n\t\t\n\t\t\t\t\t\t\t\t\n\t\t\t\t\t\t\t\t\n\t\t\n\t\t\t\t\t\t<a class=\"fusion-link-wrapper\" href=\"https:\/\/www.teuto-run-and-fun.de\/TRF-2019\/2020\/09\/15\/der-weg-ist-das-ziel-gemeinsames-training-im-winter\/\" aria-label=\"Der Weg ist das Ziel. Gemeinsames Training im Winter\"><\/a>\n\t<\/div>\n<\/div>\n<\/div>\n<\/li>\n\t\t\t\n\t\t\t\n\t\t\t\t\t\t\t\t\t\t\t\t\t\t\t\t\t\t\t\t\t\t\t\t\t\t\t\t\t\t\t\t\t\t\t\t\t\t\t\t\t\t\t\t\t\t\t\t\t\t\t\t\t\t\t\t\t\t\t\t\t\t\t\t\t\t\t\t<\/ul>\n\t<\/div>\n\t<div class=\"fusion-post-content post-content\"><h2 class=\"blog-shortcode-post-title entry-title\">Der Weg ist das Ziel. Gemeinsames Training im Winter<\/h2><div class=\"fusion-post-content-container\"><p><\/p><div id=\"fb-root\"><\/div>\n<p>    Keiner wei\u00df, was kommen wird. Und wir wollen doch vorbereitet sein. Deshalb gibt es auch in diesem Jahr wieder ein gemeinsames Training. Start ist am 22.11.2020 Einzelheiten in der Ausschreibung\u00a0 (PDF) <a href=\"https:\/\/www.teuto-run-and-fun.de\/TRF-2019\/2020\/09\/15\/der-weg-ist-das-ziel-gemeinsames-training-im-winter\/\"> [\u2026]<\/a><\/p>\n<\/div><\/div><div class=\"fusion-clearfix\"><\/div><\/article>\n<article id=\"blog-1-post-12907\" class=\"fusion-post-medium post-12907 post type-post status-publish format-standard has-post-thumbnail hentry category-allgemein category-news\">\n\t<style type=\"text\/css\">\n\t\t\n\t\t\n\t\t\n\t\t\n\t\t\t<\/style>\n\n\n\t\t\t<div class=\"fusion-flexslider flexslider fusion-flexslider-loading fusion-post-slideshow\" style=\"\">\n\t\t<ul class=\"slides\">\n\t\t\t\n\t\t\t\t\t\t\t\t\t\t\t\t\t\t<li><div  class=\"fusion-image-wrapper fusion-image-size-fixed\" aria-haspopup=\"true\">\n\t\t\t\t<img decoding=\"async\" width=\"320\" height=\"202\" src=\"https:\/\/www.teuto-run-and-fun.de\/TRF-2019\/wp-content\/uploads\/2020\/02\/thl-torte-2020-320x202.jpg\" class=\"attachment-blog-medium size-blog-medium wp-post-image\" alt=\"Teuto Hermannslauf 2020 Torte - Verpflegung bei Teuto Run &amp; Fun\" srcset=\"https:\/\/www.teuto-run-and-fun.de\/TRF-2019\/wp-content\/uploads\/2020\/02\/thl-torte-2020-320x202.jpg 320w, https:\/\/www.teuto-run-and-fun.de\/TRF-2019\/wp-content\/uploads\/2020\/02\/thl-torte-2020-700x441.jpg 700w\" sizes=\"(max-width: 320px) 100vw, 320px\" \/><div class=\"fusion-rollover\">\n\t<div class=\"fusion-rollover-content\">\n\n\t\t\t\t\t\t\t\t\t\t\t\t\t\t<a class=\"fusion-rollover-link\" href=\"https:\/\/www.teuto-run-and-fun.de\/TRF-2019\/2020\/05\/12\/12907\/\"><\/a>\n\t\t\t\n\t\t\t\t\t\t\t\t\t\t\t\t\t\t\n\t\t\t\t\t\t\t\t\n\t\t\t\t\t\t\t\t\t\t\t\t\t<div class=\"fusion-rollover-sep\"><\/div>\n\t\t\t\t\n\t\t\t\t\t\t\t\t\t\t\t\t\t\t\t\t\t\t<a class=\"fusion-rollover-gallery\" href=\"https:\/\/www.teuto-run-and-fun.de\/TRF-2019\/wp-content\/uploads\/2020\/02\/thl-torte-2020.jpg\" data-options=\"\" data-id=\"12907\" data-rel=\"iLightbox[gallery]\" data-title=\"Teuto Hermannslauf 2020 Torte - Verpflegung bei Teuto Run &amp; Fun\" data-caption=\"Teuto Hermannslauf 2020 Torte - Verpflegung bei Teuto Run &amp; Fun\">\n\t\t\t\t\t\tGallerie\t\t\t\t\t<\/a>\n\t\t\t\t\t\t\t\t\t\t\t\t\t\t\n\t\t\n\t\t\t\t\t\t\t\t\n\t\t\t\t\t\t\t\t\n\t\t\n\t\t\t\t\t\t<a class=\"fusion-link-wrapper\" href=\"https:\/\/www.teuto-run-and-fun.de\/TRF-2019\/2020\/05\/12\/12907\/\" aria-label=\"\"><\/a>\n\t<\/div>\n<\/div>\n<\/div>\n<\/li>\n\t\t\t\n\t\t\t\n\t\t\t\t\t\t\t\t\t\t\t\t\t\t\t\t\t\t\t\t\t\t\t\t\t\t\t\t\t\t\t\t\t\t\t\t\t\t\t\t\t\t\t\t\t\t\t\t\t\t\t\t\t\t\t\t\t\t\t\t\t\t\t\t\t\t\t\t<\/ul>\n\t<\/div>\n\t<div class=\"fusion-post-content post-content\"><div class=\"fusion-post-content-container\"><p> Wir sind wieder f\u00fcr Euch da. Kontaktloser Freizeitsport ist wieder erlaubt. Deshalb startet ab heute (Dienstag, 14.5.2020) wieder unser regelm\u00e4\u00dfiger Lauftreff in der Georgstr. 15, 33649 Bielefeld. Die ensprechenden Abstandsregeln sowie die Hygienevorschriften halten wir selbstverst\u00e4ndlich ein     <\/p><\/div><\/div><div class=\"fusion-clearfix\"><\/div><\/article>\n<article id=\"blog-1-post-12885\" class=\"fusion-post-medium post-12885 post type-post status-publish format-standard has-post-thumbnail hentry category-news\">\n\t<style type=\"text\/css\">\n\t\t\n\t\t\n\t\t\n\t\t\n\t\t\t<\/style>\n\n\n\t\t\t<div class=\"fusion-flexslider flexslider fusion-flexslider-loading fusion-post-slideshow\" style=\"\">\n\t\t<ul class=\"slides\">\n\t\t\t\n\t\t\t\t\t\t\t\t\t\t\t\t\t\t<li><div  class=\"fusion-image-wrapper fusion-image-size-fixed\" aria-haspopup=\"true\">\n\t\t\t\t<img decoding=\"async\" width=\"320\" height=\"202\" src=\"https:\/\/www.teuto-run-and-fun.de\/TRF-2019\/wp-content\/uploads\/2020\/03\/IMG_9593-320x202.jpg\" class=\"attachment-blog-medium size-blog-medium wp-post-image\" alt=\"Unsere Laufmaskottchen Funny im Urlaubsmodus\" srcset=\"https:\/\/www.teuto-run-and-fun.de\/TRF-2019\/wp-content\/uploads\/2020\/03\/IMG_9593-320x202.jpg 320w, https:\/\/www.teuto-run-and-fun.de\/TRF-2019\/wp-content\/uploads\/2020\/03\/IMG_9593-700x441.jpg 700w\" sizes=\"(max-width: 320px) 100vw, 320px\" \/><div class=\"fusion-rollover\">\n\t<div class=\"fusion-rollover-content\">\n\n\t\t\t\t\t\t\t\t\t\t\t\t\t\t<a class=\"fusion-rollover-link\" href=\"https:\/\/www.teuto-run-and-fun.de\/TRF-2019\/2020\/03\/19\/12885\/\"><\/a>\n\t\t\t\n\t\t\t\t\t\t\t\t\t\t\t\t\t\t\n\t\t\t\t\t\t\t\t\n\t\t\t\t\t\t\t\t\t\t\t\t\t<div class=\"fusion-rollover-sep\"><\/div>\n\t\t\t\t\n\t\t\t\t\t\t\t\t\t\t\t\t\t\t\t\t\t\t<a class=\"fusion-rollover-gallery\" href=\"https:\/\/www.teuto-run-and-fun.de\/TRF-2019\/wp-content\/uploads\/2020\/03\/IMG_9593-scaled.jpg\" data-options=\"\" data-id=\"12885\" data-rel=\"iLightbox[gallery]\" data-title=\"Unsere Laufmaskottchen Funny im Urlaubsmodus\" data-caption=\"\">\n\t\t\t\t\t\tGallerie\t\t\t\t\t<\/a>\n\t\t\t\t\t\t\t\t\t\t\t\t\t\t\n\t\t\n\t\t\t\t\t\t\t\t\n\t\t\t\t\t\t\t\t\n\t\t\n\t\t\t\t\t\t<a class=\"fusion-link-wrapper\" href=\"https:\/\/www.teuto-run-and-fun.de\/TRF-2019\/2020\/03\/19\/12885\/\" aria-label=\"\"><\/a>\n\t<\/div>\n<\/div>\n<\/div>\n<\/li>\n\t\t\t\n\t\t\t\n\t\t\t\t\t\t\t\t\t\t\t\t\t\t\t\t\t\t\t\t\t\t\t\t\t\t\t\t\t\t\t\t\t\t\t\t\t\t\t\t\t\t\t\t\t\t\t\t\t\t\t\t\t\t\t\t\t\t\t\t\t\t\t\t\t\t\t\t<\/ul>\n\t<\/div>\n\t<div class=\"fusion-post-content post-content\"><div class=\"fusion-post-content-container\"><p> Auch wir m\u00fcssen uns leider Corona geschlagen geben. Deshalb fallen bis auf weiteres alle Trainings aus. Leider f\u00e4llt deshalb auch unsere Fahrt zum Halbmarathon nach Berlin aus. Ihr d\u00fcrft aber trotzdem weiterlaufen, auch alleine kann das gerade in der jetzigen Zeit mal sehr entspannend sein und irgendwann wird ja auch alles wieder anders sein. Wir w\u00fcnschen uns von ganzem Herzen, dass wir uns dann alle gesund wiedersehen     <\/p><\/div><\/div><div class=\"fusion-clearfix\"><\/div><\/article>\n<article id=\"blog-1-post-12857\" class=\"fusion-post-medium post-12857 post type-post status-publish format-standard has-post-thumbnail hentry category-news\">\n\t<style type=\"text\/css\">\n\t\t\n\t\t\n\t\t\n\t\t\n\t\t\t<\/style>\n\n\n\t\t\t<div class=\"fusion-flexslider flexslider fusion-flexslider-loading fusion-post-slideshow\" style=\"\">\n\t\t<ul class=\"slides\">\n\t\t\t\n\t\t\t\t\t\t\t\t\t\t\t\t\t\t<li><div  class=\"fusion-image-wrapper fusion-image-size-fixed\" aria-haspopup=\"true\">\n\t\t\t\t<img decoding=\"async\" width=\"320\" height=\"202\" src=\"https:\/\/www.teuto-run-and-fun.de\/TRF-2019\/wp-content\/uploads\/2019\/10\/news-hermannslauf-2020-320x202.jpg\" class=\"attachment-blog-medium size-blog-medium wp-post-image\" alt=\"Hermannsdenkmal - Start des Hermannslaufs\" srcset=\"https:\/\/www.teuto-run-and-fun.de\/TRF-2019\/wp-content\/uploads\/2019\/10\/news-hermannslauf-2020-320x202.jpg 320w, https:\/\/www.teuto-run-and-fun.de\/TRF-2019\/wp-content\/uploads\/2019\/10\/news-hermannslauf-2020-700x441.jpg 700w\" sizes=\"(max-width: 320px) 100vw, 320px\" \/><div class=\"fusion-rollover\">\n\t<div class=\"fusion-rollover-content\">\n\n\t\t\t\t\t\t\t\t\t\t\t\t\t\t<a class=\"fusion-rollover-link\" href=\"https:\/\/www.teuto-run-and-fun.de\/TRF-2019\/2020\/02\/18\/nachtwanderung-auf-der-hermannslaufstrecke\/\">Nachtwanderung auf der Hermannslaufstrecke<\/a>\n\t\t\t\n\t\t\t\t\t\t\t\t\t\t\t\t\t\t\n\t\t\t\t\t\t\t\t\n\t\t\t\t\t\t\t\t\t\t\t\t\t<div class=\"fusion-rollover-sep\"><\/div>\n\t\t\t\t\n\t\t\t\t\t\t\t\t\t\t\t\t\t\t\t\t\t\t<a class=\"fusion-rollover-gallery\" href=\"https:\/\/www.teuto-run-and-fun.de\/TRF-2019\/wp-content\/uploads\/2019\/10\/news-hermannslauf-2020.jpg\" data-options=\"\" data-id=\"12857\" data-rel=\"iLightbox[gallery]\" data-title=\"Hermannsdenkmal - Start des Hermannslaufs\" data-caption=\"\">\n\t\t\t\t\t\tGallerie\t\t\t\t\t<\/a>\n\t\t\t\t\t\t\t\t\t\t\t\t\t\t\n\t\t\n\t\t\t\t\t\t\t\t\n\t\t\t\t\t\t\t\t\n\t\t\n\t\t\t\t\t\t<a class=\"fusion-link-wrapper\" href=\"https:\/\/www.teuto-run-and-fun.de\/TRF-2019\/2020\/02\/18\/nachtwanderung-auf-der-hermannslaufstrecke\/\" aria-label=\"Nachtwanderung auf der Hermannslaufstrecke\"><\/a>\n\t<\/div>\n<\/div>\n<\/div>\n<\/li>\n\t\t\t\n\t\t\t\n\t\t\t\t\t\t\t\t\t\t\t\t\t\t\t\t\t\t\t\t\t\t\t\t\t\t\t\t\t\t\t\t\t\t\t\t\t\t\t\t\t\t\t\t\t\t\t\t\t\t\t\t\t\t\t\t\t\t\t\t\t\t\t\t\t\t\t\t<\/ul>\n\t<\/div>\n\t<div class=\"fusion-post-content post-content\"><h2 class=\"blog-shortcode-post-title entry-title\">Nachtwanderung auf der Hermannslaufstrecke<\/h2><div class=\"fusion-post-content-container\"><p><\/p><div id=\"fb-root\"><\/div>\n<p>     Nach dem gro\u00dfen Erfolg im letzten Jahr bieten wir auch in diesem Jahr wieder eine gemeinsame Nachtwanderung auf der Strecke des Hermannslaufes an. Auch Laufen ist in diesem Jahr m\u00f6glich, die L\u00e4ufer <a href=\"https:\/\/www.teuto-run-and-fun.de\/TRF-2019\/2020\/02\/18\/nachtwanderung-auf-der-hermannslaufstrecke\/\"> [\u2026]<\/a><\/p>\n<\/div><\/div><div class=\"fusion-clearfix\"><\/div><\/article>\n<article id=\"blog-1-post-12840\" class=\"fusion-post-medium post-12840 post type-post status-publish format-standard has-post-thumbnail hentry category-allgemein category-news\">\n\t<style type=\"text\/css\">\n\t\t\n\t\t\n\t\t\n\t\t\n\t\t\t<\/style>\n\n\n\t\t\t<div class=\"fusion-flexslider flexslider fusion-flexslider-loading fusion-post-slideshow\" style=\"\">\n\t\t<ul class=\"slides\">\n\t\t\t\n\t\t\t\t\t\t\t\t\t\t\t\t\t\t<li><div  class=\"fusion-image-wrapper fusion-image-size-fixed\" aria-haspopup=\"true\">\n\t\t\t\t<img decoding=\"async\" width=\"320\" height=\"202\" src=\"https:\/\/www.teuto-run-and-fun.de\/TRF-2019\/wp-content\/uploads\/2020\/02\/75c185ad-7f4d-42b9-adb6-d4c8be1eaf00-320x202.jpg\" class=\"attachment-blog-medium size-blog-medium wp-post-image\" alt=\"Galloway Rind am Rande der Hermannslauf Laufstrecke\" srcset=\"https:\/\/www.teuto-run-and-fun.de\/TRF-2019\/wp-content\/uploads\/2020\/02\/75c185ad-7f4d-42b9-adb6-d4c8be1eaf00-320x202.jpg 320w, https:\/\/www.teuto-run-and-fun.de\/TRF-2019\/wp-content\/uploads\/2020\/02\/75c185ad-7f4d-42b9-adb6-d4c8be1eaf00-700x441.jpg 700w\" sizes=\"(max-width: 320px) 100vw, 320px\" \/><div class=\"fusion-rollover\">\n\t<div class=\"fusion-rollover-content\">\n\n\t\t\t\t\t\t\t\t\t\t\t\t\t\t<a class=\"fusion-rollover-link\" href=\"https:\/\/www.teuto-run-and-fun.de\/TRF-2019\/2020\/02\/04\/viel-spass-beim-training\/\">Viel Spa\u00df beim Training<\/a>\n\t\t\t\n\t\t\t\t\t\t\t\t\t\t\t\t\t\t\n\t\t\t\t\t\t\t\t\n\t\t\t\t\t\t\t\t\t\t\t\t\t<div class=\"fusion-rollover-sep\"><\/div>\n\t\t\t\t\n\t\t\t\t\t\t\t\t\t\t\t\t\t\t\t\t\t\t<a class=\"fusion-rollover-gallery\" href=\"https:\/\/www.teuto-run-and-fun.de\/TRF-2019\/wp-content\/uploads\/2020\/02\/75c185ad-7f4d-42b9-adb6-d4c8be1eaf00.jpg\" data-options=\"\" data-id=\"12840\" data-rel=\"iLightbox[gallery]\" data-title=\"Galloway Rind am Rande der Hermannslauf Laufstrecke\" data-caption=\"\">\n\t\t\t\t\t\tGallerie\t\t\t\t\t<\/a>\n\t\t\t\t\t\t\t\t\t\t\t\t\t\t\n\t\t\n\t\t\t\t\t\t\t\t\n\t\t\t\t\t\t\t\t\n\t\t\n\t\t\t\t\t\t<a class=\"fusion-link-wrapper\" href=\"https:\/\/www.teuto-run-and-fun.de\/TRF-2019\/2020\/02\/04\/viel-spass-beim-training\/\" aria-label=\"Viel Spa\u00df beim Training\"><\/a>\n\t<\/div>\n<\/div>\n<\/div>\n<\/li>\n\t\t\t\n\t\t\t\n\t\t\t\t\t\t\t\t\t\t\t\t\t\t\t\t\t\t\t\t\t\t\t\t\t\t\t\t\t\t\t\t\t\t\t\t\t\t\t\t\t\t\t\t\t\t\t\t\t\t\t\t\t\t\t\t\t\t\t\t\t\t\t\t\t\t\t\t<\/ul>\n\t<\/div>\n\t<div class=\"fusion-post-content post-content\"><h2 class=\"blog-shortcode-post-title entry-title\">Viel Spa\u00df beim Training<\/h2><div class=\"fusion-post-content-container\"><p>  Das Hermannslauftraining l\u00e4uft bestens und wir haben alle viel Spa\u00df. Am letzten Sonntag haben wir unseren L\u00e4ufern etwas ganz besonderes geboten, Galloway-Rinder und Pferde in freier Wildbahn    <\/p><\/div><\/div><div class=\"fusion-clearfix\"><\/div><\/article>\n<article id=\"blog-1-post-12760\" class=\"fusion-post-medium post-12760 post type-post status-publish format-standard has-post-thumbnail hentry category-allgemein category-news\">\n\t<style type=\"text\/css\">\n\t\t\n\t\t\n\t\t\n\t\t\n\t\t\t<\/style>\n\n\n\t\t\t<div class=\"fusion-flexslider flexslider fusion-flexslider-loading fusion-post-slideshow\" style=\"\">\n\t\t<ul class=\"slides\">\n\t\t\t\n\t\t\t\t\t\t\t\t\t\t\t\t\t\t<li><div  class=\"fusion-image-wrapper fusion-image-size-fixed\" aria-haspopup=\"true\">\n\t\t\t\t<img decoding=\"async\" width=\"320\" height=\"202\" src=\"https:\/\/www.teuto-run-and-fun.de\/TRF-2019\/wp-content\/uploads\/2019\/11\/verpflegungsstation-mit-klopfer-320x202.jpg\" class=\"attachment-blog-medium size-blog-medium wp-post-image\" alt=\"Verpflegungsstation mit unserem Lauf-Maskottchen Klopfer\" srcset=\"https:\/\/www.teuto-run-and-fun.de\/TRF-2019\/wp-content\/uploads\/2019\/11\/verpflegungsstation-mit-klopfer-320x202.jpg 320w, https:\/\/www.teuto-run-and-fun.de\/TRF-2019\/wp-content\/uploads\/2019\/11\/verpflegungsstation-mit-klopfer-700x441.jpg 700w\" sizes=\"(max-width: 320px) 100vw, 320px\" \/><div class=\"fusion-rollover\">\n\t<div class=\"fusion-rollover-content\">\n\n\t\t\t\t\t\t\t\t\t\t\t\t\t\t<a class=\"fusion-rollover-link\" href=\"https:\/\/www.teuto-run-and-fun.de\/TRF-2019\/2019\/11\/19\/es-gibt-wieder-einen-adventslauf-fuer-laeufer-und-walker\/\">Es gibt wieder einen Adventslauf f\u00fcr L\u00e4ufer und Walker<\/a>\n\t\t\t\n\t\t\t\t\t\t\t\t\t\t\t\t\t\t\n\t\t\t\t\t\t\t\t\n\t\t\t\t\t\t\t\t\t\t\t\t\t<div class=\"fusion-rollover-sep\"><\/div>\n\t\t\t\t\n\t\t\t\t\t\t\t\t\t\t\t\t\t\t\t\t\t\t<a class=\"fusion-rollover-gallery\" href=\"https:\/\/www.teuto-run-and-fun.de\/TRF-2019\/wp-content\/uploads\/2019\/11\/verpflegungsstation-mit-klopfer.jpg\" data-options=\"\" data-id=\"12760\" data-rel=\"iLightbox[gallery]\" data-title=\"Verpflegungsstation mit unserem Lauf-Maskottchen Klopfer\" data-caption=\"\">\n\t\t\t\t\t\tGallerie\t\t\t\t\t<\/a>\n\t\t\t\t\t\t\t\t\t\t\t\t\t\t\n\t\t\n\t\t\t\t\t\t\t\t\n\t\t\t\t\t\t\t\t\n\t\t\n\t\t\t\t\t\t<a class=\"fusion-link-wrapper\" href=\"https:\/\/www.teuto-run-and-fun.de\/TRF-2019\/2019\/11\/19\/es-gibt-wieder-einen-adventslauf-fuer-laeufer-und-walker\/\" aria-label=\"Es gibt wieder einen Adventslauf f\u00fcr L\u00e4ufer und Walker\"><\/a>\n\t<\/div>\n<\/div>\n<\/div>\n<\/li>\n\t\t\t\n\t\t\t\n\t\t\t\t\t\t\t\t\t\t\t\t\t\t\t\t\t\t\t\t\t\t\t\t\t\t\t\t\t\t\t\t\t\t\t\t\t\t\t\t\t\t\t\t\t\t\t\t\t\t\t\t\t\t\t\t\t\t\t\t\t\t\t\t\t\t\t\t<\/ul>\n\t<\/div>\n\t<div class=\"fusion-post-content post-content\"><h2 class=\"blog-shortcode-post-title entry-title\">Es gibt wieder einen Adventslauf f\u00fcr L\u00e4ufer und Walker<\/h2><div class=\"fusion-post-content-container\"><p>  Am Sonntag, den 1.12.2019, veranstalten wir erneut einen Adventslauf. Start ist um 10.00 Uhr in der Georgstra\u00dfe 15, 33649 Bielefeld. Selbstverst\u00e4ndlich sind auch (Nordic)Walker gerne bei uns gesehen. Angeboten werden Strecken \u00fcber ca. 11, 16 und 23 km. Im Anschlu\u00df wartet dann auf euch ein gro\u00dfes adventliches Buffet    <\/p><\/div><\/div><div class=\"fusion-clearfix\"><\/div><\/article>\n<article id=\"blog-1-post-12754\" class=\"fusion-post-medium post-12754 post type-post status-publish format-standard has-post-thumbnail hentry category-allgemein category-news\">\n\t<style type=\"text\/css\">\n\t\t\n\t\t\n\t\t\n\t\t\n\t\t\t<\/style>\n\n\n\t\t\t<div class=\"fusion-flexslider flexslider fusion-flexslider-loading fusion-post-slideshow\" style=\"\">\n\t\t<ul class=\"slides\">\n\t\t\t\n\t\t\t\t\t\t\t\t\t\t\t\t\t\t<li><div  class=\"fusion-image-wrapper fusion-image-size-fixed\" aria-haspopup=\"true\">\n\t\t\t\t<img decoding=\"async\" width=\"320\" height=\"202\" src=\"https:\/\/www.teuto-run-and-fun.de\/TRF-2019\/wp-content\/uploads\/2019\/11\/0585d3f6-80ca-49a4-a1d5-aeeecb5fae83-320x202.jpg\" class=\"attachment-blog-medium size-blog-medium wp-post-image\" alt=\"Trainingsauftakt zum Hermannslauftraining\" srcset=\"https:\/\/www.teuto-run-and-fun.de\/TRF-2019\/wp-content\/uploads\/2019\/11\/0585d3f6-80ca-49a4-a1d5-aeeecb5fae83-320x202.jpg 320w, https:\/\/www.teuto-run-and-fun.de\/TRF-2019\/wp-content\/uploads\/2019\/11\/0585d3f6-80ca-49a4-a1d5-aeeecb5fae83-700x441.jpg 700w\" sizes=\"(max-width: 320px) 100vw, 320px\" \/><div class=\"fusion-rollover\">\n\t<div class=\"fusion-rollover-content\">\n\n\t\t\t\t\t\t\t\t\t\t\t\t\t\t<a class=\"fusion-rollover-link\" href=\"https:\/\/www.teuto-run-and-fun.de\/TRF-2019\/2019\/11\/19\/am-kommenden-sonntag-ist-trainingsauftakt-zu-unserem-hermannslauftraining\/\">Am kommenden Sonntag ist Trainingsauftakt zu unserem Hermannslauftraining<\/a>\n\t\t\t\n\t\t\t\t\t\t\t\t\t\t\t\t\t\t\n\t\t\t\t\t\t\t\t\n\t\t\t\t\t\t\t\t\t\t\t\t\t<div class=\"fusion-rollover-sep\"><\/div>\n\t\t\t\t\n\t\t\t\t\t\t\t\t\t\t\t\t\t\t\t\t\t\t<a class=\"fusion-rollover-gallery\" href=\"https:\/\/www.teuto-run-and-fun.de\/TRF-2019\/wp-content\/uploads\/2019\/11\/0585d3f6-80ca-49a4-a1d5-aeeecb5fae83-e1574182282319.jpg\" data-options=\"\" data-id=\"12754\" data-rel=\"iLightbox[gallery]\" data-title=\"Trainingsauftakt zum Hermannslauftraining\" data-caption=\"\">\n\t\t\t\t\t\tGallerie\t\t\t\t\t<\/a>\n\t\t\t\t\t\t\t\t\t\t\t\t\t\t\n\t\t\n\t\t\t\t\t\t\t\t\n\t\t\t\t\t\t\t\t\n\t\t\n\t\t\t\t\t\t<a class=\"fusion-link-wrapper\" href=\"https:\/\/www.teuto-run-and-fun.de\/TRF-2019\/2019\/11\/19\/am-kommenden-sonntag-ist-trainingsauftakt-zu-unserem-hermannslauftraining\/\" aria-label=\"Am kommenden Sonntag ist Trainingsauftakt zu unserem Hermannslauftraining\"><\/a>\n\t<\/div>\n<\/div>\n<\/div>\n<\/li>\n\t\t\t\n\t\t\t\n\t\t\t\t\t\t\t\t\t\t\t\t\t\t\t\t\t\t\t\t\t\t\t\t\t\t\t\t\t\t\t\t\t\t\t\t\t\t\t\t\t\t\t\t\t\t\t\t\t\t\t\t\t\t\t\t\t\t\t\t\t\t\t\t\t\t\t\t<\/ul>\n\t<\/div>\n\t<div class=\"fusion-post-content post-content\"><h2 class=\"blog-shortcode-post-title entry-title\">Am kommenden Sonntag ist Trainingsauftakt zu unserem Hermannslauftraining<\/h2><div class=\"fusion-post-content-container\"><p>  Am kommenden Sonntag, den 24.11.2019 findet die Auftakteinheit zu unserem Hermannlauftraining statt. Wir treffen uns um 10.00 Uhr in der Georgstr. 15, 33649 Bielefeld. Nach ein paar allgemeinen Informationen und der Vorstellung der Trainer werden wir dann zu einem ersten kurzen Lauf von ca. 75 - 85 Minuten starten. Ausserdem habt ihr die M\u00f6glichkeit, hochwertige gut erhaltene gebrauchte (oder auch neue) Laufbekleidung g\u00fcnstig zu erwerben.    <\/p><\/div><\/div><div class=\"fusion-clearfix\"><\/div><\/article>\n<article id=\"blog-1-post-12163\" class=\"fusion-post-medium post-12163 post type-post status-publish format-standard has-post-thumbnail hentry category-news tag-bielefeld tag-hermannslauf tag-lauftraining\">\n\t<style type=\"text\/css\">\n\t\t\n\t\t\n\t\t\n\t\t\n\t\t\t<\/style>\n\n\n\t\t\t<div class=\"fusion-flexslider flexslider fusion-flexslider-loading fusion-post-slideshow\" style=\"\">\n\t\t<ul class=\"slides\">\n\t\t\t\n\t\t\t\t\t\t\t\t\t\t\t\t\t\t<li><div  class=\"fusion-image-wrapper fusion-image-size-fixed\" aria-haspopup=\"true\">\n\t\t\t\t<img decoding=\"async\" width=\"320\" height=\"202\" src=\"https:\/\/www.teuto-run-and-fun.de\/TRF-2019\/wp-content\/uploads\/2019\/10\/news-hermannslauf-2020-320x202.jpg\" class=\"attachment-blog-medium size-blog-medium wp-post-image\" alt=\"Hermannsdenkmal - Start des Hermannslaufs\" srcset=\"https:\/\/www.teuto-run-and-fun.de\/TRF-2019\/wp-content\/uploads\/2019\/10\/news-hermannslauf-2020-320x202.jpg 320w, https:\/\/www.teuto-run-and-fun.de\/TRF-2019\/wp-content\/uploads\/2019\/10\/news-hermannslauf-2020-700x441.jpg 700w\" sizes=\"(max-width: 320px) 100vw, 320px\" \/><div class=\"fusion-rollover\">\n\t<div class=\"fusion-rollover-content\">\n\n\t\t\t\t\t\t\t\t\t\t\t\t\t\t<a class=\"fusion-rollover-link\" href=\"https:\/\/www.teuto-run-and-fun.de\/TRF-2019\/2019\/10\/11\/der-hermann-2020-ruft-wieder\/\">Der &#8222;Hermann&#8220; ruft wieder<\/a>\n\t\t\t\n\t\t\t\t\t\t\t\t\t\t\t\t\t\t\n\t\t\t\t\t\t\t\t\n\t\t\t\t\t\t\t\t\t\t\t\t\t<div class=\"fusion-rollover-sep\"><\/div>\n\t\t\t\t\n\t\t\t\t\t\t\t\t\t\t\t\t\t\t\t\t\t\t<a class=\"fusion-rollover-gallery\" href=\"https:\/\/www.teuto-run-and-fun.de\/TRF-2019\/wp-content\/uploads\/2019\/10\/news-hermannslauf-2020.jpg\" data-options=\"\" data-id=\"12163\" data-rel=\"iLightbox[gallery]\" data-title=\"Hermannsdenkmal - Start des Hermannslaufs\" data-caption=\"\">\n\t\t\t\t\t\tGallerie\t\t\t\t\t<\/a>\n\t\t\t\t\t\t\t\t\t\t\t\t\t\t\n\t\t\n\t\t\t\t\t\t\t\t\n\t\t\t\t\t\t\t\t\n\t\t\n\t\t\t\t\t\t<a class=\"fusion-link-wrapper\" href=\"https:\/\/www.teuto-run-and-fun.de\/TRF-2019\/2019\/10\/11\/der-hermann-2020-ruft-wieder\/\" aria-label=\"Der &#8222;Hermann&#8220; ruft wieder\"><\/a>\n\t<\/div>\n<\/div>\n<\/div>\n<\/li>\n\t\t\t\n\t\t\t\n\t\t\t\t\t\t\t\t\t\t\t\t\t\t\t\t\t\t\t\t\t\t\t\t\t\t\t\t\t\t\t\t\t\t\t\t\t\t\t\t\t\t\t\t\t\t\t\t\t\t\t\t\t\t\t\t\t\t\t\t\t\t\t\t\t\t\t\t<\/ul>\n\t<\/div>\n\t<div class=\"fusion-post-content post-content\"><h2 class=\"blog-shortcode-post-title entry-title\">Der &#8222;Hermann&#8220; ruft wieder<\/h2><div class=\"fusion-post-content-container\"><p> Auch in diesem Jahr bieten wir euch ein Vorbereitungstraining f\u00fcr den Hermannslauf 2020 an. Meldet Euch jetzt an, es sind schon viele Pl\u00e4tze vergeben.     <\/p><\/div><\/div><div class=\"fusion-clearfix\"><\/div><\/article>\n<article id=\"blog-1-post-12144\" class=\"fusion-post-medium post-12144 post type-post status-publish format-standard has-post-thumbnail hentry category-news tag-nordic-walking tag-teutoburger-wald tag-walken tag-walking\">\n\t<style type=\"text\/css\">\n\t\t\n\t\t\n\t\t\n\t\t\n\t\t\t<\/style>\n\n\n\t\t\t<div class=\"fusion-flexslider flexslider fusion-flexslider-loading fusion-post-slideshow\" style=\"\">\n\t\t<ul class=\"slides\">\n\t\t\t\n\t\t\t\t\t\t\t\t\t\t\t\t\t\t<li><div  class=\"fusion-image-wrapper fusion-image-size-fixed\" aria-haspopup=\"true\">\n\t\t\t\t<img decoding=\"async\" width=\"320\" height=\"202\" src=\"https:\/\/www.teuto-run-and-fun.de\/TRF-2019\/wp-content\/uploads\/2019\/10\/news-walking-1-320x202.jpg\" class=\"attachment-blog-medium size-blog-medium wp-post-image\" alt=\"Walkingtreff im Teuto: jeden MIttwoch\" srcset=\"https:\/\/www.teuto-run-and-fun.de\/TRF-2019\/wp-content\/uploads\/2019\/10\/news-walking-1-320x202.jpg 320w, https:\/\/www.teuto-run-and-fun.de\/TRF-2019\/wp-content\/uploads\/2019\/10\/news-walking-1-700x441.jpg 700w\" sizes=\"(max-width: 320px) 100vw, 320px\" \/><div class=\"fusion-rollover\">\n\t<div class=\"fusion-rollover-content\">\n\n\t\t\t\t\t\t\t\t\t\t\t\t\t\t<a class=\"fusion-rollover-link\" href=\"https:\/\/www.teuto-run-and-fun.de\/TRF-2019\/2019\/10\/10\/nordic-walkinging-immer-mittwochs-um-18-uhr\/\">Walkingtreff: immer mittwochs um 18 Uhr<\/a>\n\t\t\t\n\t\t\t\t\t\t\t\t\t\t\t\t\t\t\n\t\t\t\t\t\t\t\t\n\t\t\t\t\t\t\t\t\t\t\t\t\t<div class=\"fusion-rollover-sep\"><\/div>\n\t\t\t\t\n\t\t\t\t\t\t\t\t\t\t\t\t\t\t\t\t\t\t<a class=\"fusion-rollover-gallery\" href=\"https:\/\/www.teuto-run-and-fun.de\/TRF-2019\/wp-content\/uploads\/2019\/10\/news-walking-1-e1574177358765.jpg\" data-options=\"\" data-id=\"12144\" data-rel=\"iLightbox[gallery]\" data-title=\"Walkingtreff im Teuto: jeden MIttwoch\" data-caption=\"\">\n\t\t\t\t\t\tGallerie\t\t\t\t\t<\/a>\n\t\t\t\t\t\t\t\t\t\t\t\t\t\t\n\t\t\n\t\t\t\t\t\t\t\t\n\t\t\t\t\t\t\t\t\n\t\t\n\t\t\t\t\t\t<a class=\"fusion-link-wrapper\" href=\"https:\/\/www.teuto-run-and-fun.de\/TRF-2019\/2019\/10\/10\/nordic-walkinging-immer-mittwochs-um-18-uhr\/\" aria-label=\"Walkingtreff: immer mittwochs um 18 Uhr\"><\/a>\n\t<\/div>\n<\/div>\n<\/div>\n<\/li>\n\t\t\t\n\t\t\t\n\t\t\t\t\t\t\t\t\t\t\t\t\t\t\t\t\t\t\t\t\t\t\t\t\t\t\t\t\t\t\t\t\t\t\t\t\t\t\t\t\t\t\t\t\t\t\t\t\t\t\t\t\t\t\t\t\t\t\t\t\t\t\t\t\t\t\t\t<\/ul>\n\t<\/div>\n\t<div class=\"fusion-post-content post-content\"><h2 class=\"blog-shortcode-post-title entry-title\">Walkingtreff: immer mittwochs um 18 Uhr<\/h2><div class=\"fusion-post-content-container\"><p> Seit einiger Zeit bieten wir immer mittwochs um 18 Uhr eine Nordic-Walkinggruppe unter kompetenter Leitung an. Interesse? Dann komm einfach vorbei und walk die erste Schnupper-Runde einfach mit. Wir walken in der Regel ca. eine Stunde im Teutoburger Wald. F\u00fcr alle die sich gerne auf einen Walking-Wettkampf vorbereiten m\u00f6chten, bieten wir auch l\u00e4ngere Strecken an.     <\/p><\/div><\/div><div class=\"fusion-clearfix\"><\/div><\/article>\n<article id=\"blog-1-post-12172\" class=\"fusion-post-medium post-12172 post type-post status-publish format-standard has-post-thumbnail hentry category-news\">\n\t<style type=\"text\/css\">\n\t\t\n\t\t\n\t\t\n\t\t\n\t\t\t<\/style>\n\n\n\t\t\t<div class=\"fusion-flexslider flexslider fusion-flexslider-loading fusion-post-slideshow\" style=\"\">\n\t\t<ul class=\"slides\">\n\t\t\t\n\t\t\t\t\t\t\t\t\t\t\t\t\t\t<li><div  class=\"fusion-image-wrapper fusion-image-size-fixed\" aria-haspopup=\"true\">\n\t\t\t\t<img decoding=\"async\" width=\"320\" height=\"202\" src=\"https:\/\/www.teuto-run-and-fun.de\/TRF-2019\/wp-content\/uploads\/2019\/10\/news-berlin-marathon-320x202.jpg\" class=\"attachment-blog-medium size-blog-medium wp-post-image\" alt=\"Brandenburger Tor und Maskottchen: Fahrt zum berlin Halbmarathon im April 2020\" srcset=\"https:\/\/www.teuto-run-and-fun.de\/TRF-2019\/wp-content\/uploads\/2019\/10\/news-berlin-marathon-320x202.jpg 320w, https:\/\/www.teuto-run-and-fun.de\/TRF-2019\/wp-content\/uploads\/2019\/10\/news-berlin-marathon-700x441.jpg 700w\" sizes=\"(max-width: 320px) 100vw, 320px\" \/><div class=\"fusion-rollover\">\n\t<div class=\"fusion-rollover-content\">\n\n\t\t\t\t\t\t\t\t\t\t\t\t\t\t<a class=\"fusion-rollover-link\" href=\"https:\/\/www.teuto-run-and-fun.de\/TRF-2019\/2019\/10\/09\/die-termine-fuer-2020-stehen\/\">Die Termine f\u00fcr 2020 stehen<\/a>\n\t\t\t\n\t\t\t\t\t\t\t\t\t\t\t\t\t\t\n\t\t\t\t\t\t\t\t\n\t\t\t\t\t\t\t\t\t\t\t\t\t<div class=\"fusion-rollover-sep\"><\/div>\n\t\t\t\t\n\t\t\t\t\t\t\t\t\t\t\t\t\t\t\t\t\t\t<a class=\"fusion-rollover-gallery\" href=\"https:\/\/www.teuto-run-and-fun.de\/TRF-2019\/wp-content\/uploads\/2019\/10\/news-berlin-marathon.jpg\" data-options=\"\" data-id=\"12172\" data-rel=\"iLightbox[gallery]\" data-title=\"Brandenburger Tor und Maskottchen: Fahrt zum berlin Halbmarathon im April 2020\" data-caption=\"\">\n\t\t\t\t\t\tGallerie\t\t\t\t\t<\/a>\n\t\t\t\t\t\t\t\t\t\t\t\t\t\t\n\t\t\n\t\t\t\t\t\t\t\t\n\t\t\t\t\t\t\t\t\n\t\t\n\t\t\t\t\t\t<a class=\"fusion-link-wrapper\" href=\"https:\/\/www.teuto-run-and-fun.de\/TRF-2019\/2019\/10\/09\/die-termine-fuer-2020-stehen\/\" aria-label=\"Die Termine f\u00fcr 2020 stehen\"><\/a>\n\t<\/div>\n<\/div>\n<\/div>\n<\/li>\n\t\t\t\n\t\t\t\n\t\t\t\t\t\t\t\t\t\t\t\t\t\t\t\t\t\t\t\t\t\t\t\t\t\t\t\t\t\t\t\t\t\t\t\t\t\t\t\t\t\t\t\t\t\t\t\t\t\t\t\t\t\t\t\t\t\t\t\t\t\t\t\t\t\t\t\t<\/ul>\n\t<\/div>\n\t<div class=\"fusion-post-content post-content\"><h2 class=\"blog-shortcode-post-title entry-title\">Die Termine f\u00fcr 2020 stehen<\/h2><div class=\"fusion-post-content-container\"><p><\/p><div id=\"fb-root\"><\/div>\n<p>          2020 kann sportlich starten. Die Termine f\u00fcr unsere Lauf- und Walkingtreffs sowie f\u00fcr die wichtigsten Fahrten stehen. Der Berliner Halbmarathon, Potsdam und der Rennsteig sind dabei. <a href=\"https:\/\/www.teuto-run-and-fun.de\/TRF-2019\/2019\/10\/09\/die-termine-fuer-2020-stehen\/\"> [\u2026]<\/a><\/p>\n<\/div><\/div><div class=\"fusion-clearfix\"><\/div><\/article>\n<\/div><\/div><\/div><\/div><div class=\"fusion-layout-column fusion_builder_column fusion-builder-column-1 fusion_builder_column_1_6 1_6 fusion-flex-column\" style=\"--awb-bg-size:cover;--awb-width-large:16.666666666667%;--awb-margin-top-large:10px;--awb-spacing-right-large:11.52%;--awb-margin-bottom-large:10px;--awb-spacing-left-large:3.84%;--awb-width-medium:16.666666666667%;--awb-spacing-right-medium:11.52%;--awb-spacing-left-medium:3.84%;--awb-width-small:100%;--awb-spacing-right-small:1.92%;--awb-spacing-left-small:1.92%;\"><div class=\"fusion-column-wrapper fusion-column-has-shadow fusion-flex-justify-content-flex-start fusion-content-layout-column\"><\/div><\/div><\/div><\/div>\n","protected":false},"excerpt":{"rendered":"","protected":false},"author":1,"featured_media":0,"parent":0,"menu_order":0,"comment_status":"closed","ping_status":"closed","template":"","meta":{"footnotes":""},"class_list":["post-11966","page","type-page","status-publish","hentry"],"yoast_head":"<!-- This site is optimized with the Yoast SEO plugin v26.4 - https:\/\/yoast.com\/wordpress\/plugins\/seo\/ -->\n<title>News - Teuto Run &amp; Fun<\/title>\n<meta name=\"robots\" content=\"index, follow, max-snippet:-1, max-image-preview:large, max-video-preview:-1\" \/>\n<link rel=\"canonical\" href=\"https:\/\/www.teuto-run-and-fun.de\/TRF-2019\/news\/\" \/>\n<meta property=\"og:locale\" content=\"de_DE\" \/>\n<meta property=\"og:type\" content=\"article\" \/>\n<meta property=\"og:title\" content=\"News - Teuto Run &amp; Fun\" \/>\n<meta property=\"og:url\" content=\"https:\/\/www.teuto-run-and-fun.de\/TRF-2019\/news\/\" \/>\n<meta property=\"og:site_name\" content=\"Teuto Run &amp; Fun\" \/>\n<meta property=\"article:publisher\" content=\"https:\/\/www.facebook.com\/Teuto-Run-and-Fun-492664144114517\" \/>\n<meta property=\"article:modified_time\" content=\"2021-07-23T09:03:12+00:00\" \/>\n<meta name=\"twitter:card\" content=\"summary_large_image\" \/>\n<meta name=\"twitter:label1\" content=\"Gesch\u00e4tzte Lesezeit\" \/>\n\t<meta name=\"twitter:data1\" content=\"1\u00a0Minute\" \/>\n<script type=\"application\/ld+json\" class=\"yoast-schema-graph\">{\"@context\":\"https:\/\/schema.org\",\"@graph\":[{\"@type\":\"WebPage\",\"@id\":\"https:\/\/www.teuto-run-and-fun.de\/TRF-2019\/news\/\",\"url\":\"https:\/\/www.teuto-run-and-fun.de\/TRF-2019\/news\/\",\"name\":\"News - Teuto Run &amp; Fun\",\"isPartOf\":{\"@id\":\"https:\/\/www.teuto-run-and-fun.de\/TRF-2019\/#website\"},\"datePublished\":\"2015-12-02T10:52:51+00:00\",\"dateModified\":\"2021-07-23T09:03:12+00:00\",\"breadcrumb\":{\"@id\":\"https:\/\/www.teuto-run-and-fun.de\/TRF-2019\/news\/#breadcrumb\"},\"inLanguage\":\"de\",\"potentialAction\":[{\"@type\":\"ReadAction\",\"target\":[\"https:\/\/www.teuto-run-and-fun.de\/TRF-2019\/news\/\"]}]},{\"@type\":\"BreadcrumbList\",\"@id\":\"https:\/\/www.teuto-run-and-fun.de\/TRF-2019\/news\/#breadcrumb\",\"itemListElement\":[{\"@type\":\"ListItem\",\"position\":1,\"name\":\"Startseite\",\"item\":\"https:\/\/www.teuto-run-and-fun.de\/TRF-2019\/\"},{\"@type\":\"ListItem\",\"position\":2,\"name\":\"News\"}]},{\"@type\":\"WebSite\",\"@id\":\"https:\/\/www.teuto-run-and-fun.de\/TRF-2019\/#website\",\"url\":\"https:\/\/www.teuto-run-and-fun.de\/TRF-2019\/\",\"name\":\"Teuto Run &amp; Fun\",\"description\":\"Lauf- und Walkingtraining im Teuto \u2013 Laufreisen in ganz Deutschland\",\"publisher\":{\"@id\":\"https:\/\/www.teuto-run-and-fun.de\/TRF-2019\/#organization\"},\"potentialAction\":[{\"@type\":\"SearchAction\",\"target\":{\"@type\":\"EntryPoint\",\"urlTemplate\":\"https:\/\/www.teuto-run-and-fun.de\/TRF-2019\/?s={search_term_string}\"},\"query-input\":{\"@type\":\"PropertyValueSpecification\",\"valueRequired\":true,\"valueName\":\"search_term_string\"}}],\"inLanguage\":\"de\"},{\"@type\":\"Organization\",\"@id\":\"https:\/\/www.teuto-run-and-fun.de\/TRF-2019\/#organization\",\"name\":\"Teuto Run & Fun\",\"url\":\"https:\/\/www.teuto-run-and-fun.de\/TRF-2019\/\",\"logo\":{\"@type\":\"ImageObject\",\"inLanguage\":\"de\",\"@id\":\"https:\/\/www.teuto-run-and-fun.de\/TRF-2019\/#\/schema\/logo\/image\/\",\"url\":\"https:\/\/www.teuto-run-and-fun.de\/TRF-2019\/wp-content\/uploads\/2020\/03\/logo-text-trf.jpg\",\"contentUrl\":\"https:\/\/www.teuto-run-and-fun.de\/TRF-2019\/wp-content\/uploads\/2020\/03\/logo-text-trf.jpg\",\"width\":646,\"height\":581,\"caption\":\"Teuto Run & Fun\"},\"image\":{\"@id\":\"https:\/\/www.teuto-run-and-fun.de\/TRF-2019\/#\/schema\/logo\/image\/\"},\"sameAs\":[\"https:\/\/www.facebook.com\/Teuto-Run-and-Fun-492664144114517\"]}]}<\/script>\n<!-- \/ Yoast SEO plugin. -->","yoast_head_json":{"title":"News - Teuto Run &amp; Fun","robots":{"index":"index","follow":"follow","max-snippet":"max-snippet:-1","max-image-preview":"max-image-preview:large","max-video-preview":"max-video-preview:-1"},"canonical":"https:\/\/www.teuto-run-and-fun.de\/TRF-2019\/news\/","og_locale":"de_DE","og_type":"article","og_title":"News - Teuto Run &amp; Fun","og_url":"https:\/\/www.teuto-run-and-fun.de\/TRF-2019\/news\/","og_site_name":"Teuto Run &amp; Fun","article_publisher":"https:\/\/www.facebook.com\/Teuto-Run-and-Fun-492664144114517","article_modified_time":"2021-07-23T09:03:12+00:00","twitter_card":"summary_large_image","twitter_misc":{"Gesch\u00e4tzte Lesezeit":"1\u00a0Minute"},"schema":{"@context":"https:\/\/schema.org","@graph":[{"@type":"WebPage","@id":"https:\/\/www.teuto-run-and-fun.de\/TRF-2019\/news\/","url":"https:\/\/www.teuto-run-and-fun.de\/TRF-2019\/news\/","name":"News - Teuto Run &amp; Fun","isPartOf":{"@id":"https:\/\/www.teuto-run-and-fun.de\/TRF-2019\/#website"},"datePublished":"2015-12-02T10:52:51+00:00","dateModified":"2021-07-23T09:03:12+00:00","breadcrumb":{"@id":"https:\/\/www.teuto-run-and-fun.de\/TRF-2019\/news\/#breadcrumb"},"inLanguage":"de","potentialAction":[{"@type":"ReadAction","target":["https:\/\/www.teuto-run-and-fun.de\/TRF-2019\/news\/"]}]},{"@type":"BreadcrumbList","@id":"https:\/\/www.teuto-run-and-fun.de\/TRF-2019\/news\/#breadcrumb","itemListElement":[{"@type":"ListItem","position":1,"name":"Startseite","item":"https:\/\/www.teuto-run-and-fun.de\/TRF-2019\/"},{"@type":"ListItem","position":2,"name":"News"}]},{"@type":"WebSite","@id":"https:\/\/www.teuto-run-and-fun.de\/TRF-2019\/#website","url":"https:\/\/www.teuto-run-and-fun.de\/TRF-2019\/","name":"Teuto Run &amp; Fun","description":"Lauf- und Walkingtraining im Teuto \u2013 Laufreisen in ganz Deutschland","publisher":{"@id":"https:\/\/www.teuto-run-and-fun.de\/TRF-2019\/#organization"},"potentialAction":[{"@type":"SearchAction","target":{"@type":"EntryPoint","urlTemplate":"https:\/\/www.teuto-run-and-fun.de\/TRF-2019\/?s={search_term_string}"},"query-input":{"@type":"PropertyValueSpecification","valueRequired":true,"valueName":"search_term_string"}}],"inLanguage":"de"},{"@type":"Organization","@id":"https:\/\/www.teuto-run-and-fun.de\/TRF-2019\/#organization","name":"Teuto Run & Fun","url":"https:\/\/www.teuto-run-and-fun.de\/TRF-2019\/","logo":{"@type":"ImageObject","inLanguage":"de","@id":"https:\/\/www.teuto-run-and-fun.de\/TRF-2019\/#\/schema\/logo\/image\/","url":"https:\/\/www.teuto-run-and-fun.de\/TRF-2019\/wp-content\/uploads\/2020\/03\/logo-text-trf.jpg","contentUrl":"https:\/\/www.teuto-run-and-fun.de\/TRF-2019\/wp-content\/uploads\/2020\/03\/logo-text-trf.jpg","width":646,"height":581,"caption":"Teuto Run & Fun"},"image":{"@id":"https:\/\/www.teuto-run-and-fun.de\/TRF-2019\/#\/schema\/logo\/image\/"},"sameAs":["https:\/\/www.facebook.com\/Teuto-Run-and-Fun-492664144114517"]}]}},"_links":{"self":[{"href":"https:\/\/www.teuto-run-and-fun.de\/TRF-2019\/wp-json\/wp\/v2\/pages\/11966","targetHints":{"allow":["GET"]}}],"collection":[{"href":"https:\/\/www.teuto-run-and-fun.de\/TRF-2019\/wp-json\/wp\/v2\/pages"}],"about":[{"href":"https:\/\/www.teuto-run-and-fun.de\/TRF-2019\/wp-json\/wp\/v2\/types\/page"}],"author":[{"embeddable":true,"href":"https:\/\/www.teuto-run-and-fun.de\/TRF-2019\/wp-json\/wp\/v2\/users\/1"}],"replies":[{"embeddable":true,"href":"https:\/\/www.teuto-run-and-fun.de\/TRF-2019\/wp-json\/wp\/v2\/comments?post=11966"}],"version-history":[{"count":20,"href":"https:\/\/www.teuto-run-and-fun.de\/TRF-2019\/wp-json\/wp\/v2\/pages\/11966\/revisions"}],"predecessor-version":[{"id":13113,"href":"https:\/\/www.teuto-run-and-fun.de\/TRF-2019\/wp-json\/wp\/v2\/pages\/11966\/revisions\/13113"}],"wp:attachment":[{"href":"https:\/\/www.teuto-run-and-fun.de\/TRF-2019\/wp-json\/wp\/v2\/media?parent=11966"}],"curies":[{"name":"wp","href":"https:\/\/api.w.org\/{rel}","templated":true}]}}